{"id":1131,"date":"2019-11-06T15:01:37","date_gmt":"2019-11-06T21:01:37","guid":{"rendered":"https:\/\/www.conservatoriodelasrosas.edu.mx\/Web\/?page_id=1131"},"modified":"2020-05-25T11:36:54","modified_gmt":"2020-05-25T16:36:54","slug":"grupos-artisticos","status":"publish","type":"page","link":"https:\/\/www.conservatoriodelasrosas.edu.mx\/Web\/grupos-artisticos\/","title":{"rendered":"Grupos Art\u00edsticos"},"content":{"rendered":"\t\t<div data-elementor-type=\"wp-page\" data-elementor-id=\"1131\" class=\"elementor elementor-1131\">\n\t\t\t\t\t\t<section class=\"elementor-section elementor-top-section elementor-element elementor-element-8a7caeb elementor-section-stretched elementor-section-full_width elementor-section-height-min-height elementor-section-height-default elementor-section-items-middle\" data-id=\"8a7caeb\" data-element_type=\"section\" data-e-type=\"section\" data-settings=\"{&quot;stretch_section&quot;:&quot;section-stretched&quot;,&quot;background_background&quot;:&quot;slideshow&quot;,&quot;background_slideshow_gallery&quot;:[{&quot;id&quot;:2503,&quot;url&quot;:&quot;https:\\\/\\\/www.conservatoriodelasrosas.edu.mx\\\/Web\\\/wp-content\\\/uploads\\\/2020\\\/01\\\/Concierto-en-el-conservatorio-scaled.jpg&quot;}],&quot;background_slideshow_loop&quot;:&quot;yes&quot;,&quot;background_slideshow_slide_duration&quot;:5000,&quot;background_slideshow_slide_transition&quot;:&quot;fade&quot;,&quot;background_slideshow_transition_duration&quot;:500}\">\n\t\t\t\t\t\t<div class=\"elementor-container elementor-column-gap-default\">\n\t\t\t\t\t<div class=\"elementor-column elementor-col-100 elementor-top-column elementor-element elementor-element-038f3d9\" data-id=\"038f3d9\" data-element_type=\"column\" data-e-type=\"column\">\n\t\t\t<div class=\"elementor-widget-wrap elementor-element-populated\">\n\t\t\t\t\t\t<div class=\"elementor-element elementor-element-13fe0b8 elementor-widget elementor-widget-heading\" data-id=\"13fe0b8\" data-element_type=\"widget\" data-e-type=\"widget\" data-widget_type=\"heading.default\">\n\t\t\t\t<div class=\"elementor-widget-container\">\n\t\t\t\t\t<h1 class=\"elementor-heading-title elementor-size-xl\">Grupos Art\u00edsticos<\/h1>\t\t\t\t<\/div>\n\t\t\t\t<\/div>\n\t\t\t\t\t<\/div>\n\t\t<\/div>\n\t\t\t\t\t<\/div>\n\t\t<\/section>\n\t\t\t\t<section class=\"elementor-section elementor-top-section elementor-element elementor-element-faacb67 elementor-section-stretched elementor-section-boxed elementor-section-height-default elementor-section-height-default\" data-id=\"faacb67\" data-element_type=\"section\" data-e-type=\"section\" data-settings=\"{&quot;stretch_section&quot;:&quot;section-stretched&quot;}\">\n\t\t\t\t\t\t<div class=\"elementor-container elementor-column-gap-default\">\n\t\t\t\t\t<div class=\"elementor-column elementor-col-100 elementor-top-column elementor-element elementor-element-25140ca\" data-id=\"25140ca\" data-element_type=\"column\" data-e-type=\"column\">\n\t\t\t<div class=\"elementor-widget-wrap elementor-element-populated\">\n\t\t\t\t\t\t<div class=\"elementor-element elementor-element-60b22f5 elementor-tabs-view-horizontal elementor-widget elementor-widget-tabs\" data-id=\"60b22f5\" data-element_type=\"widget\" data-e-type=\"widget\" data-widget_type=\"tabs.default\">\n\t\t\t\t<div class=\"elementor-widget-container\">\n\t\t\t\t\t\t\t<div class=\"elementor-tabs\">\n\t\t\t<div class=\"elementor-tabs-wrapper\" role=\"tablist\" >\n\t\t\t\t\t\t\t\t\t<div id=\"elementor-tab-title-1011\" class=\"elementor-tab-title elementor-tab-desktop-title\" aria-selected=\"true\" data-tab=\"1\" role=\"tab\" tabindex=\"0\" aria-controls=\"elementor-tab-content-1011\" aria-expanded=\"false\">Ensamble de percuciones<\/div>\n\t\t\t\t\t\t\t\t\t<div id=\"elementor-tab-title-1012\" class=\"elementor-tab-title elementor-tab-desktop-title\" aria-selected=\"false\" data-tab=\"2\" role=\"tab\" tabindex=\"-1\" aria-controls=\"elementor-tab-content-1012\" aria-expanded=\"false\">Orquesta del Consevatorio de las Rosas<\/div>\n\t\t\t\t\t\t\t\t\t<div id=\"elementor-tab-title-1013\" class=\"elementor-tab-title elementor-tab-desktop-title\" aria-selected=\"false\" data-tab=\"3\" role=\"tab\" tabindex=\"-1\" aria-controls=\"elementor-tab-content-1013\" aria-expanded=\"false\">Orquesta de Guitarras<\/div>\n\t\t\t\t\t\t\t\t\t<div id=\"elementor-tab-title-1014\" class=\"elementor-tab-title elementor-tab-desktop-title\" aria-selected=\"false\" data-tab=\"4\" role=\"tab\" tabindex=\"-1\" aria-controls=\"elementor-tab-content-1014\" aria-expanded=\"false\">Big Band<\/div>\n\t\t\t\t\t\t\t\t\t<div id=\"elementor-tab-title-1015\" class=\"elementor-tab-title elementor-tab-desktop-title\" aria-selected=\"false\" data-tab=\"5\" role=\"tab\" tabindex=\"-1\" aria-controls=\"elementor-tab-content-1015\" aria-expanded=\"false\">Coral<\/div>\n\t\t\t\t\t\t\t\t\t<div id=\"elementor-tab-title-1016\" class=\"elementor-tab-title elementor-tab-desktop-title\" aria-selected=\"false\" data-tab=\"6\" role=\"tab\" tabindex=\"-1\" aria-controls=\"elementor-tab-content-1016\" aria-expanded=\"false\">Cuarteto de Sax<\/div>\n\t\t\t\t\t\t\t<\/div>\n\t\t\t<div class=\"elementor-tabs-content-wrapper\" role=\"tablist\" aria-orientation=\"vertical\">\n\t\t\t\t\t\t\t\t\t<div class=\"elementor-tab-title elementor-tab-mobile-title\" aria-selected=\"true\" data-tab=\"1\" role=\"tab\" tabindex=\"0\" aria-controls=\"elementor-tab-content-1011\" aria-expanded=\"false\">Ensamble de percuciones<\/div>\n\t\t\t\t\t<div id=\"elementor-tab-content-1011\" class=\"elementor-tab-content elementor-clearfix\" data-tab=\"1\" role=\"tabpanel\" aria-labelledby=\"elementor-tab-title-1011\" tabindex=\"0\" hidden=\"false\"><div>Integrado por j\u00f3venes y talentosos percusionistas, el Ensamble de Percusiones del Conservatorio de las Rosas es fundado en el a\u00f1o 2019, con el prop\u00f3sito de difundir el amplio repertorio de m\u00fasica de c\u00e1mara escrita para instrumentos de percusi\u00f3n y promover la creaci\u00f3n de obras de compositores contempor\u00e1neos. A pocos meses de su creaci\u00f3n, el ensamble de percusiones cuenta con una temporada de conciertos los cuales tienen lugar tanto en su sede la \u201cSala Ni\u00f1os Cantores de Morelia\u201d como en diferentes foros de la rep\u00fablica mexicana. Actualmente trabajan bajo la tutela de sus distinguidos maestros Oscar Esqueda, Roberto Vizca\u00edno y Alan Montoya.<\/div><div><a href=\"https:\/\/www.conservatoriodelasrosas.edu.mx\/Web\/wp-content\/uploads\/2020\/01\/Ensamble-de-percusiones.jpg\"><img fetchpriority=\"high\" decoding=\"async\" src=\"https:\/\/www.conservatoriodelasrosas.edu.mx\/Web\/wp-content\/uploads\/2020\/01\/Ensamble-de-percusiones-1024x574.jpg\" alt=\"\" width=\"790\" height=\"443\" \/><\/a><\/div><\/div>\n\t\t\t\t\t\t\t\t\t<div class=\"elementor-tab-title elementor-tab-mobile-title\" aria-selected=\"false\" data-tab=\"2\" role=\"tab\" tabindex=\"-1\" aria-controls=\"elementor-tab-content-1012\" aria-expanded=\"false\">Orquesta del Consevatorio de las Rosas<\/div>\n\t\t\t\t\t<div id=\"elementor-tab-content-1012\" class=\"elementor-tab-content elementor-clearfix\" data-tab=\"2\" role=\"tabpanel\" aria-labelledby=\"elementor-tab-title-1012\" tabindex=\"0\" hidden=\"hidden\"><p style=\"text-align: left;\">La Orquesta de C\u00e1mara del Conservatorio de las Rosas se fund\u00f3 en 1997 para articular una plataforma de desarrollo profesional para los alumnos del propio Conservatorio. Desde sus inicios, la Orquesta se ha establecido como un \u00edcono de la vida cultural de la Ciudad de Morelia y ha sido un veh\u00edculo indispensable en la formaci\u00f3n de p\u00fablicos en el estado de Michoac\u00e1n.<\/p><div class=\"mcb-wrap-inner\"><div class=\"column mcb-column two-third column_column column-margin-\"><div class=\"column_attr clearfix align_justify animate zoomIn\" data-anim-type=\"zoomIn\"><p>Dirigida por Jos\u00e9 Luis G\u00e1lvez Mariscal, la Orquesta de C\u00e1mara del Conservatorio ofrece entre 6 y 8 presentaciones a trav\u00e9s del a\u00f1o acad\u00e9mico. Sus miembros \u2013 estudiantes avanzados y profesores del Conservatorio, trabajan semana con semana en la preparaci\u00f3n de obras esenciales del repertorio. De dotaci\u00f3n flexible, la agrupaci\u00f3n aborda diversos estilos y g\u00e9neros, abarcando desde la m\u00fasica para cuerdas hasta el repertorio sinf\u00f3nico de mayor escala.<\/p><p>Jean Paul Penin, Rodrigo Mac\u00edas, Miguel\u00a0\u00c1ngel\u00a0Garc\u00eda, figuran entre los mas recientes directores invitados de la agrupaci\u00f3n, la que, adem\u00e1s de promover activamente la participaci\u00f3n de solistas y\u00a0j\u00f3venes\u00a0promesas del Conservatorio, ha acompa\u00f1ado, en los \u00faltimos a\u00f1os a distinguidos solistas como Ericka Dobocewick, Alfredo Vald\u00e9s Brito, Jes\u00fas Castro Balbi entre otros, alcanzando cr\u00edticas muy elogiosas en todas sus participaciones.<\/p><p>Durante mas de una d\u00e9cada, adem\u00e1s de ofrecer conciertos e involucrarse en diversas iniciativas y proyectos educativos al interior del estado, la Orquesta de C\u00e1mara del Conservatorio se ha presentado regularmente en Morelia, participando, a\u00f1o con a\u00f1o, en el Festival Arte Joven y el Festival de M\u00fasica de Morelia, ambos referentes imprescindibles de la vida cultural de la ciudad.<\/p><p><a href=\"https:\/\/www.conservatoriodelasrosas.edu.mx\/Web\/wp-content\/uploads\/2020\/01\/Orquesta-del-Conservatorio-de-las-Rosas.jpg\"><img decoding=\"async\" class=\"aligncenter wp-image-2114 size-full\" src=\"https:\/\/www.conservatoriodelasrosas.edu.mx\/Web\/wp-content\/uploads\/2020\/01\/Orquesta-del-Conservatorio-de-las-Rosas.jpg\" alt=\"Orquesta del Conservatorio de las Rosas\" width=\"800\" height=\"430\" srcset=\"https:\/\/www.conservatoriodelasrosas.edu.mx\/Web\/wp-content\/uploads\/2020\/01\/Orquesta-del-Conservatorio-de-las-Rosas.jpg 800w, https:\/\/www.conservatoriodelasrosas.edu.mx\/Web\/wp-content\/uploads\/2020\/01\/Orquesta-del-Conservatorio-de-las-Rosas-300x161.jpg 300w, https:\/\/www.conservatoriodelasrosas.edu.mx\/Web\/wp-content\/uploads\/2020\/01\/Orquesta-del-Conservatorio-de-las-Rosas-768x413.jpg 768w\" sizes=\"(max-width: 800px) 100vw, 800px\" \/><\/a><\/p><\/div><\/div><\/div><\/div>\n\t\t\t\t\t\t\t\t\t<div class=\"elementor-tab-title elementor-tab-mobile-title\" aria-selected=\"false\" data-tab=\"3\" role=\"tab\" tabindex=\"-1\" aria-controls=\"elementor-tab-content-1013\" aria-expanded=\"false\">Orquesta de Guitarras<\/div>\n\t\t\t\t\t<div id=\"elementor-tab-content-1013\" class=\"elementor-tab-content elementor-clearfix\" data-tab=\"3\" role=\"tabpanel\" aria-labelledby=\"elementor-tab-title-1013\" tabindex=\"0\" hidden=\"hidden\"><p>\u00a0<\/p><p>Es una agrupaci\u00f3n de reciente creaci\u00f3n, tiene como prop\u00f3sito integrar a los alumnos de la c\u00e1tedra de guitarra, para hacer pr\u00e1ctica de obras de m\u00fasica de c\u00e1mara, ya sean originales o transcripciones que hay para este instrumento. La orquesta es una buena oportunidad de aprendizaje musical ya que asisten alumnos de bachillerato y licenciatura. Tambi\u00e9n asisten los alumnos que han recibido los \u00faltimos 7 premios nacionales en importantes festivales de guitarra de: Hidalgo, Durango, Estado de M\u00e9xico y Michoac\u00e1n. Como parte de su actividad este a\u00f1o tienen invitaci\u00f3n a participar en diferentes festivales de guitarra y foros nacionales de la Coordinaci\u00f3n Nacional de M\u00fasica y \u00d3pera del INBAL. La coordinaci\u00f3n art\u00edstica est\u00e1 bajo la supervisi\u00f3n permanente de la c\u00e1tedra y del maestro Juan Andr\u00e9s Loreto y los alumnos Alberto Quintanilla y Rodrigo Merino.<\/p><p><a href=\"https:\/\/www.conservatoriodelasrosas.edu.mx\/Web\/wp-content\/uploads\/2020\/05\/SAM_3015-scaled.jpg\"><img decoding=\"async\" class=\"aligncenter size-full wp-image-2862\" src=\"https:\/\/www.conservatoriodelasrosas.edu.mx\/Web\/wp-content\/uploads\/2020\/05\/SAM_3015-scaled.jpg\" alt=\"\" width=\"2560\" height=\"1079\" srcset=\"https:\/\/www.conservatoriodelasrosas.edu.mx\/Web\/wp-content\/uploads\/2020\/05\/SAM_3015-scaled.jpg 2560w, https:\/\/www.conservatoriodelasrosas.edu.mx\/Web\/wp-content\/uploads\/2020\/05\/SAM_3015-300x126.jpg 300w, https:\/\/www.conservatoriodelasrosas.edu.mx\/Web\/wp-content\/uploads\/2020\/05\/SAM_3015-1024x431.jpg 1024w, https:\/\/www.conservatoriodelasrosas.edu.mx\/Web\/wp-content\/uploads\/2020\/05\/SAM_3015-768x324.jpg 768w, https:\/\/www.conservatoriodelasrosas.edu.mx\/Web\/wp-content\/uploads\/2020\/05\/SAM_3015-1536x647.jpg 1536w, https:\/\/www.conservatoriodelasrosas.edu.mx\/Web\/wp-content\/uploads\/2020\/05\/SAM_3015-2048x863.jpg 2048w\" sizes=\"(max-width: 2560px) 100vw, 2560px\" \/><\/a><\/p><p><div id='gallery-1' class='gallery galleryid-1131 gallery-columns-2 gallery-size-full'><figure class='gallery-item'>\n\t\t\t<div class='gallery-icon landscape'>\n\t\t\t\t<a href='https:\/\/www.conservatoriodelasrosas.edu.mx\/Web\/wp-content\/uploads\/2020\/05\/SAM_3026-scaled.jpg'><img loading=\"lazy\" decoding=\"async\" width=\"2560\" height=\"1569\" src=\"https:\/\/www.conservatoriodelasrosas.edu.mx\/Web\/wp-content\/uploads\/2020\/05\/SAM_3026-scaled.jpg\" class=\"attachment-full size-full\" alt=\"\" srcset=\"https:\/\/www.conservatoriodelasrosas.edu.mx\/Web\/wp-content\/uploads\/2020\/05\/SAM_3026-scaled.jpg 2560w, https:\/\/www.conservatoriodelasrosas.edu.mx\/Web\/wp-content\/uploads\/2020\/05\/SAM_3026-300x184.jpg 300w, https:\/\/www.conservatoriodelasrosas.edu.mx\/Web\/wp-content\/uploads\/2020\/05\/SAM_3026-1024x628.jpg 1024w, https:\/\/www.conservatoriodelasrosas.edu.mx\/Web\/wp-content\/uploads\/2020\/05\/SAM_3026-768x471.jpg 768w, https:\/\/www.conservatoriodelasrosas.edu.mx\/Web\/wp-content\/uploads\/2020\/05\/SAM_3026-1536x941.jpg 1536w, https:\/\/www.conservatoriodelasrosas.edu.mx\/Web\/wp-content\/uploads\/2020\/05\/SAM_3026-2048x1255.jpg 2048w\" sizes=\"(max-width: 2560px) 100vw, 2560px\" \/><\/a>\n\t\t\t<\/div><\/figure><figure class='gallery-item'>\n\t\t\t<div class='gallery-icon landscape'>\n\t\t\t\t<a href='https:\/\/www.conservatoriodelasrosas.edu.mx\/Web\/wp-content\/uploads\/2020\/05\/SAM_3037-scaled.jpg'><img loading=\"lazy\" decoding=\"async\" width=\"2560\" height=\"1477\" src=\"https:\/\/www.conservatoriodelasrosas.edu.mx\/Web\/wp-content\/uploads\/2020\/05\/SAM_3037-scaled.jpg\" class=\"attachment-full size-full\" alt=\"\" srcset=\"https:\/\/www.conservatoriodelasrosas.edu.mx\/Web\/wp-content\/uploads\/2020\/05\/SAM_3037-scaled.jpg 2560w, https:\/\/www.conservatoriodelasrosas.edu.mx\/Web\/wp-content\/uploads\/2020\/05\/SAM_3037-300x173.jpg 300w, https:\/\/www.conservatoriodelasrosas.edu.mx\/Web\/wp-content\/uploads\/2020\/05\/SAM_3037-1024x591.jpg 1024w, https:\/\/www.conservatoriodelasrosas.edu.mx\/Web\/wp-content\/uploads\/2020\/05\/SAM_3037-768x443.jpg 768w, https:\/\/www.conservatoriodelasrosas.edu.mx\/Web\/wp-content\/uploads\/2020\/05\/SAM_3037-1536x886.jpg 1536w, https:\/\/www.conservatoriodelasrosas.edu.mx\/Web\/wp-content\/uploads\/2020\/05\/SAM_3037-2048x1182.jpg 2048w\" sizes=\"(max-width: 2560px) 100vw, 2560px\" \/><\/a>\n\t\t\t<\/div><\/figure>\n\t\t<\/div>\n<\/p><\/div>\n\t\t\t\t\t\t\t\t\t<div class=\"elementor-tab-title elementor-tab-mobile-title\" aria-selected=\"false\" data-tab=\"4\" role=\"tab\" tabindex=\"-1\" aria-controls=\"elementor-tab-content-1014\" aria-expanded=\"false\">Big Band<\/div>\n\t\t\t\t\t<div id=\"elementor-tab-content-1014\" class=\"elementor-tab-content elementor-clearfix\" data-tab=\"4\" role=\"tabpanel\" aria-labelledby=\"elementor-tab-title-1014\" tabindex=\"0\" hidden=\"hidden\"><p style=\"text-align: center;\"><em>\u201cLA BIGBAND DEL CONSERVATORIO DE LA ROSAS\u201d <\/em><\/p><p><em>\u00a0<\/em>La BIGBAND nace en el a\u00f1o 2011 en la CDMX, fundada por el saxofonista y director: Julio Espinosa; quien ha reunido el repertorio as\u00ed como a grandes m\u00fasicos de jazz, quienes han pertenecido a la BIGBAND a lo largo de su trayectoria. La orquesta de jazz ha migrado en varias ocasiones desde la CDMX hasta NYC, Canc\u00fan, para finalmente establecerse en la ciudad de Morelia Michoac\u00e1n desde el a\u00f1o 2016 hasta la actualidad, siendo hoy en d\u00eda, oficialmente, \u201cLa Big Band del Conservatorio de las Rosas\u201d.<\/p><p>La BIGBAND se ha presentado en diversos eventos del sector privado y cultural, gan\u00e1ndose la aceptaci\u00f3n del p\u00fablico por tener un repertorio variado, agradable y por la riqueza de los colores de los instrumentos que la conforman (saxofones, trompetas, trombones, guitarra, piano, contrabajo, bater\u00eda y voz) en especial se ha distinguido por ser un show dirigido a cualquier persona de cualquier edad, g\u00e9nero, ideolog\u00eda, creencia, etc., creando un ambiente especial, divertido, sano, familiar, inolvidable&#8230;<\/p><p><a href=\"https:\/\/www.conservatoriodelasrosas.edu.mx\/Web\/wp-content\/uploads\/2020\/05\/SAM_3049-scaled.jpg\"><img loading=\"lazy\" decoding=\"async\" class=\"aligncenter wp-image-2847 size-full\" src=\"https:\/\/www.conservatoriodelasrosas.edu.mx\/Web\/wp-content\/uploads\/2020\/05\/SAM_3049-scaled.jpg\" alt=\"\" width=\"2560\" height=\"1361\" srcset=\"https:\/\/www.conservatoriodelasrosas.edu.mx\/Web\/wp-content\/uploads\/2020\/05\/SAM_3049-scaled.jpg 2560w, https:\/\/www.conservatoriodelasrosas.edu.mx\/Web\/wp-content\/uploads\/2020\/05\/SAM_3049-300x160.jpg 300w, https:\/\/www.conservatoriodelasrosas.edu.mx\/Web\/wp-content\/uploads\/2020\/05\/SAM_3049-1024x544.jpg 1024w, https:\/\/www.conservatoriodelasrosas.edu.mx\/Web\/wp-content\/uploads\/2020\/05\/SAM_3049-768x408.jpg 768w, https:\/\/www.conservatoriodelasrosas.edu.mx\/Web\/wp-content\/uploads\/2020\/05\/SAM_3049-1536x817.jpg 1536w, https:\/\/www.conservatoriodelasrosas.edu.mx\/Web\/wp-content\/uploads\/2020\/05\/SAM_3049-2048x1089.jpg 2048w\" sizes=\"(max-width: 2560px) 100vw, 2560px\" \/><\/a><\/p><p><div id='gallery-2' class='gallery galleryid-1131 gallery-columns-3 gallery-size-full'><figure class='gallery-item'>\n\t\t\t<div class='gallery-icon landscape'>\n\t\t\t\t<a href='https:\/\/www.conservatoriodelasrosas.edu.mx\/Web\/wp-content\/uploads\/2020\/05\/SAM_3043-scaled.jpg'><img loading=\"lazy\" decoding=\"async\" width=\"2560\" height=\"1062\" src=\"https:\/\/www.conservatoriodelasrosas.edu.mx\/Web\/wp-content\/uploads\/2020\/05\/SAM_3043-scaled.jpg\" class=\"attachment-full size-full\" alt=\"\" srcset=\"https:\/\/www.conservatoriodelasrosas.edu.mx\/Web\/wp-content\/uploads\/2020\/05\/SAM_3043-scaled.jpg 2560w, https:\/\/www.conservatoriodelasrosas.edu.mx\/Web\/wp-content\/uploads\/2020\/05\/SAM_3043-300x124.jpg 300w, https:\/\/www.conservatoriodelasrosas.edu.mx\/Web\/wp-content\/uploads\/2020\/05\/SAM_3043-1024x425.jpg 1024w, https:\/\/www.conservatoriodelasrosas.edu.mx\/Web\/wp-content\/uploads\/2020\/05\/SAM_3043-768x318.jpg 768w, https:\/\/www.conservatoriodelasrosas.edu.mx\/Web\/wp-content\/uploads\/2020\/05\/SAM_3043-1536x637.jpg 1536w, https:\/\/www.conservatoriodelasrosas.edu.mx\/Web\/wp-content\/uploads\/2020\/05\/SAM_3043-2048x849.jpg 2048w\" sizes=\"(max-width: 2560px) 100vw, 2560px\" \/><\/a>\n\t\t\t<\/div><\/figure><figure class='gallery-item'>\n\t\t\t<div class='gallery-icon landscape'>\n\t\t\t\t<a href='https:\/\/www.conservatoriodelasrosas.edu.mx\/Web\/wp-content\/uploads\/2020\/05\/SAM_3103-scaled.jpg'><img loading=\"lazy\" decoding=\"async\" width=\"2560\" height=\"974\" src=\"https:\/\/www.conservatoriodelasrosas.edu.mx\/Web\/wp-content\/uploads\/2020\/05\/SAM_3103-scaled.jpg\" class=\"attachment-full size-full\" alt=\"\" srcset=\"https:\/\/www.conservatoriodelasrosas.edu.mx\/Web\/wp-content\/uploads\/2020\/05\/SAM_3103-scaled.jpg 2560w, https:\/\/www.conservatoriodelasrosas.edu.mx\/Web\/wp-content\/uploads\/2020\/05\/SAM_3103-300x114.jpg 300w, https:\/\/www.conservatoriodelasrosas.edu.mx\/Web\/wp-content\/uploads\/2020\/05\/SAM_3103-1024x390.jpg 1024w, https:\/\/www.conservatoriodelasrosas.edu.mx\/Web\/wp-content\/uploads\/2020\/05\/SAM_3103-768x292.jpg 768w, https:\/\/www.conservatoriodelasrosas.edu.mx\/Web\/wp-content\/uploads\/2020\/05\/SAM_3103-1536x585.jpg 1536w, https:\/\/www.conservatoriodelasrosas.edu.mx\/Web\/wp-content\/uploads\/2020\/05\/SAM_3103-2048x779.jpg 2048w\" sizes=\"(max-width: 2560px) 100vw, 2560px\" \/><\/a>\n\t\t\t<\/div><\/figure><figure class='gallery-item'>\n\t\t\t<div class='gallery-icon landscape'>\n\t\t\t\t<a href='https:\/\/www.conservatoriodelasrosas.edu.mx\/Web\/wp-content\/uploads\/2020\/05\/SAM_3041-scaled.jpg'><img loading=\"lazy\" decoding=\"async\" width=\"2560\" height=\"1015\" src=\"https:\/\/www.conservatoriodelasrosas.edu.mx\/Web\/wp-content\/uploads\/2020\/05\/SAM_3041-scaled.jpg\" class=\"attachment-full size-full\" alt=\"\" srcset=\"https:\/\/www.conservatoriodelasrosas.edu.mx\/Web\/wp-content\/uploads\/2020\/05\/SAM_3041-scaled.jpg 2560w, https:\/\/www.conservatoriodelasrosas.edu.mx\/Web\/wp-content\/uploads\/2020\/05\/SAM_3041-300x119.jpg 300w, https:\/\/www.conservatoriodelasrosas.edu.mx\/Web\/wp-content\/uploads\/2020\/05\/SAM_3041-1024x406.jpg 1024w, https:\/\/www.conservatoriodelasrosas.edu.mx\/Web\/wp-content\/uploads\/2020\/05\/SAM_3041-768x304.jpg 768w, https:\/\/www.conservatoriodelasrosas.edu.mx\/Web\/wp-content\/uploads\/2020\/05\/SAM_3041-1536x609.jpg 1536w, https:\/\/www.conservatoriodelasrosas.edu.mx\/Web\/wp-content\/uploads\/2020\/05\/SAM_3041-2048x812.jpg 2048w\" sizes=\"(max-width: 2560px) 100vw, 2560px\" \/><\/a>\n\t\t\t<\/div><\/figure>\n\t\t<\/div>\n<\/p><p>\u00a0<\/p><p>\u00a0<\/p><\/div>\n\t\t\t\t\t\t\t\t\t<div class=\"elementor-tab-title elementor-tab-mobile-title\" aria-selected=\"false\" data-tab=\"5\" role=\"tab\" tabindex=\"-1\" aria-controls=\"elementor-tab-content-1015\" aria-expanded=\"false\">Coral<\/div>\n\t\t\t\t\t<div id=\"elementor-tab-content-1015\" class=\"elementor-tab-content elementor-clearfix\" data-tab=\"5\" role=\"tabpanel\" aria-labelledby=\"elementor-tab-title-1015\" tabindex=\"0\" hidden=\"hidden\"><p>Siendo la disciplina coral una de las m\u00e1s antiguas antiguas de la instituci\u00f3n, las actividades que realizan Los coros son de gran importancia, los conciertos y presentaciones abarcan m\u00fasica desde la polifon\u00eda renacentista hasta compositores de actualidad, los coros han sido un gran semillero de maestros que han sido reconocidos en M\u00e9xico, ya que hay directores corales en pr\u00e1cticamente todas las escuelas importantes de nuestro pa\u00eds y del extranjero.<\/p><p>La Coral de Conservatorio de las Rosas est\u00e1 integrada por alumnos de bachillerato y licenciatura de la Instituci\u00f3n, pero tambi\u00e9n recibe alumnos de otras escuelas de Morelia.<\/p><p>La Coral ha tenido varios directores: Jorge Medina, Luis Berber y actualmente Manuel Torres<\/p><p><div id='gallery-3' class='gallery galleryid-1131 gallery-columns-2 gallery-size-full'><figure class='gallery-item'>\n\t\t\t<div class='gallery-icon landscape'>\n\t\t\t\t<a href='https:\/\/www.conservatoriodelasrosas.edu.mx\/Web\/wp-content\/uploads\/2020\/05\/SAM_3142-scaled.jpg'><img loading=\"lazy\" decoding=\"async\" width=\"2560\" height=\"1067\" src=\"https:\/\/www.conservatoriodelasrosas.edu.mx\/Web\/wp-content\/uploads\/2020\/05\/SAM_3142-scaled.jpg\" class=\"attachment-full size-full\" alt=\"\" srcset=\"https:\/\/www.conservatoriodelasrosas.edu.mx\/Web\/wp-content\/uploads\/2020\/05\/SAM_3142-scaled.jpg 2560w, https:\/\/www.conservatoriodelasrosas.edu.mx\/Web\/wp-content\/uploads\/2020\/05\/SAM_3142-300x125.jpg 300w, https:\/\/www.conservatoriodelasrosas.edu.mx\/Web\/wp-content\/uploads\/2020\/05\/SAM_3142-1024x427.jpg 1024w, https:\/\/www.conservatoriodelasrosas.edu.mx\/Web\/wp-content\/uploads\/2020\/05\/SAM_3142-768x320.jpg 768w, https:\/\/www.conservatoriodelasrosas.edu.mx\/Web\/wp-content\/uploads\/2020\/05\/SAM_3142-1536x640.jpg 1536w, https:\/\/www.conservatoriodelasrosas.edu.mx\/Web\/wp-content\/uploads\/2020\/05\/SAM_3142-2048x853.jpg 2048w\" sizes=\"(max-width: 2560px) 100vw, 2560px\" \/><\/a>\n\t\t\t<\/div><\/figure><figure class='gallery-item'>\n\t\t\t<div class='gallery-icon landscape'>\n\t\t\t\t<a href='https:\/\/www.conservatoriodelasrosas.edu.mx\/Web\/wp-content\/uploads\/2020\/05\/DSC04216-scaled.jpg'><img loading=\"lazy\" decoding=\"async\" width=\"2560\" height=\"1062\" src=\"https:\/\/www.conservatoriodelasrosas.edu.mx\/Web\/wp-content\/uploads\/2020\/05\/DSC04216-scaled.jpg\" class=\"attachment-full size-full\" alt=\"\" srcset=\"https:\/\/www.conservatoriodelasrosas.edu.mx\/Web\/wp-content\/uploads\/2020\/05\/DSC04216-scaled.jpg 2560w, https:\/\/www.conservatoriodelasrosas.edu.mx\/Web\/wp-content\/uploads\/2020\/05\/DSC04216-300x124.jpg 300w, https:\/\/www.conservatoriodelasrosas.edu.mx\/Web\/wp-content\/uploads\/2020\/05\/DSC04216-1024x425.jpg 1024w, https:\/\/www.conservatoriodelasrosas.edu.mx\/Web\/wp-content\/uploads\/2020\/05\/DSC04216-768x319.jpg 768w, https:\/\/www.conservatoriodelasrosas.edu.mx\/Web\/wp-content\/uploads\/2020\/05\/DSC04216-1536x637.jpg 1536w, https:\/\/www.conservatoriodelasrosas.edu.mx\/Web\/wp-content\/uploads\/2020\/05\/DSC04216-2048x849.jpg 2048w\" sizes=\"(max-width: 2560px) 100vw, 2560px\" \/><\/a>\n\t\t\t<\/div><\/figure>\n\t\t<\/div>\n<\/p><\/div>\n\t\t\t\t\t\t\t\t\t<div class=\"elementor-tab-title elementor-tab-mobile-title\" aria-selected=\"false\" data-tab=\"6\" role=\"tab\" tabindex=\"-1\" aria-controls=\"elementor-tab-content-1016\" aria-expanded=\"false\">Cuarteto de Sax<\/div>\n\t\t\t\t\t<div id=\"elementor-tab-content-1016\" class=\"elementor-tab-content elementor-clearfix\" data-tab=\"6\" role=\"tabpanel\" aria-labelledby=\"elementor-tab-title-1016\" tabindex=\"0\" hidden=\"hidden\"><p>La idea de promocionar la c\u00e1tedra, difundir los compositores y la m\u00fasica de diferentes g\u00e9neros, da el origen al grupo de saxofones, est\u00e1 integrado por los j\u00f3venes m\u00e1s talentosos del instrumento y el titular de la c\u00e1tedra, es una agrupaci\u00f3n muy vers\u00e1til\u00a0 por lo que en su repertorio incluyen obras\u00a0 de diferentes \u00e9pocas \u00a0, desde el barroco hasta la m\u00fasica contempor\u00e1nea, tambi\u00e9n han participado como solistas o integrantes de Orquestas de C\u00e1mara y Sinf\u00f3nica , de igual manera se integran a la Big band\u00a0 del Conservatorio o participan con frecuencia en diferentes festivales y actividades de Jazz.<\/p><p>La direcci\u00f3n art\u00edstica est\u00e1 a cargo del maestro: Guillermo Portillo Hoffman<\/p><p><div id='gallery-4' class='gallery galleryid-1131 gallery-columns-2 gallery-size-full'><figure class='gallery-item'>\n\t\t\t<div class='gallery-icon landscape'>\n\t\t\t\t<a href='https:\/\/www.conservatoriodelasrosas.edu.mx\/Web\/wp-content\/uploads\/2020\/05\/SAM_3005-scaled.jpg'><img loading=\"lazy\" decoding=\"async\" width=\"2560\" height=\"1466\" src=\"https:\/\/www.conservatoriodelasrosas.edu.mx\/Web\/wp-content\/uploads\/2020\/05\/SAM_3005-scaled.jpg\" class=\"attachment-full size-full\" alt=\"\" srcset=\"https:\/\/www.conservatoriodelasrosas.edu.mx\/Web\/wp-content\/uploads\/2020\/05\/SAM_3005-scaled.jpg 2560w, https:\/\/www.conservatoriodelasrosas.edu.mx\/Web\/wp-content\/uploads\/2020\/05\/SAM_3005-300x172.jpg 300w, https:\/\/www.conservatoriodelasrosas.edu.mx\/Web\/wp-content\/uploads\/2020\/05\/SAM_3005-1024x586.jpg 1024w, https:\/\/www.conservatoriodelasrosas.edu.mx\/Web\/wp-content\/uploads\/2020\/05\/SAM_3005-768x440.jpg 768w, https:\/\/www.conservatoriodelasrosas.edu.mx\/Web\/wp-content\/uploads\/2020\/05\/SAM_3005-1536x880.jpg 1536w, https:\/\/www.conservatoriodelasrosas.edu.mx\/Web\/wp-content\/uploads\/2020\/05\/SAM_3005-2048x1173.jpg 2048w\" sizes=\"(max-width: 2560px) 100vw, 2560px\" \/><\/a>\n\t\t\t<\/div><\/figure><figure class='gallery-item'>\n\t\t\t<div class='gallery-icon landscape'>\n\t\t\t\t<a href='https:\/\/www.conservatoriodelasrosas.edu.mx\/Web\/wp-content\/uploads\/2020\/05\/DSC04198-scaled.jpg'><img loading=\"lazy\" decoding=\"async\" width=\"2560\" height=\"1380\" src=\"https:\/\/www.conservatoriodelasrosas.edu.mx\/Web\/wp-content\/uploads\/2020\/05\/DSC04198-scaled.jpg\" class=\"attachment-full size-full\" alt=\"\" srcset=\"https:\/\/www.conservatoriodelasrosas.edu.mx\/Web\/wp-content\/uploads\/2020\/05\/DSC04198-scaled.jpg 2560w, https:\/\/www.conservatoriodelasrosas.edu.mx\/Web\/wp-content\/uploads\/2020\/05\/DSC04198-300x162.jpg 300w, https:\/\/www.conservatoriodelasrosas.edu.mx\/Web\/wp-content\/uploads\/2020\/05\/DSC04198-1024x552.jpg 1024w, https:\/\/www.conservatoriodelasrosas.edu.mx\/Web\/wp-content\/uploads\/2020\/05\/DSC04198-768x414.jpg 768w, https:\/\/www.conservatoriodelasrosas.edu.mx\/Web\/wp-content\/uploads\/2020\/05\/DSC04198-1536x828.jpg 1536w, https:\/\/www.conservatoriodelasrosas.edu.mx\/Web\/wp-content\/uploads\/2020\/05\/DSC04198-2048x1104.jpg 2048w\" sizes=\"(max-width: 2560px) 100vw, 2560px\" \/><\/a>\n\t\t\t<\/div><\/figure>\n\t\t<\/div>\n<\/p><p><a href=\"https:\/\/www.conservatoriodelasrosas.edu.mx\/Web\/wp-content\/uploads\/2020\/05\/SAM_3010-scaled.jpg\"><img loading=\"lazy\" decoding=\"async\" class=\"aligncenter wp-image-2868 size-full\" src=\"https:\/\/www.conservatoriodelasrosas.edu.mx\/Web\/wp-content\/uploads\/2020\/05\/SAM_3010-scaled.jpg\" alt=\"\" width=\"2560\" height=\"1816\" srcset=\"https:\/\/www.conservatoriodelasrosas.edu.mx\/Web\/wp-content\/uploads\/2020\/05\/SAM_3010-scaled.jpg 2560w, https:\/\/www.conservatoriodelasrosas.edu.mx\/Web\/wp-content\/uploads\/2020\/05\/SAM_3010-300x213.jpg 300w, https:\/\/www.conservatoriodelasrosas.edu.mx\/Web\/wp-content\/uploads\/2020\/05\/SAM_3010-1024x726.jpg 1024w, https:\/\/www.conservatoriodelasrosas.edu.mx\/Web\/wp-content\/uploads\/2020\/05\/SAM_3010-768x545.jpg 768w, https:\/\/www.conservatoriodelasrosas.edu.mx\/Web\/wp-content\/uploads\/2020\/05\/SAM_3010-1536x1090.jpg 1536w, https:\/\/www.conservatoriodelasrosas.edu.mx\/Web\/wp-content\/uploads\/2020\/05\/SAM_3010-2048x1453.jpg 2048w\" sizes=\"(max-width: 2560px) 100vw, 2560px\" \/><\/a><\/p><\/div>\n\t\t\t\t\t\t\t<\/div>\n\t\t<\/div>\n\t\t\t\t\t\t<\/div>\n\t\t\t\t<\/div>\n\t\t\t\t\t<\/div>\n\t\t<\/div>\n\t\t\t\t\t<\/div>\n\t\t<\/section>\n\t\t\t\t<\/div>\n\t\t","protected":false},"excerpt":{"rendered":"<p>Grupos Art\u00edsticos Ensamble de percuciones Orquesta del Consevatorio de las Rosas Orquesta de Guitarras Big Band Coral Cuarteto de Sax Ensamble de percuciones Integrado por j\u00f3venes y talentosos percusionistas, el Ensamble de Percusiones del Conservatorio de las Rosas es fundado en el a\u00f1o 2019, con el prop\u00f3sito de difundir el amplio repertorio de m\u00fasica de c\u00e1mara escrita para instrumentos de percusi\u00f3n y promover la creaci\u00f3n&hellip; <\/p>\n","protected":false},"author":2,"featured_media":0,"parent":0,"menu_order":0,"comment_status":"closed","ping_status":"closed","template":"","meta":{"footnotes":""},"class_list":["post-1131","page","type-page","status-publish","hentry","clearfix"],"_links":{"self":[{"href":"https:\/\/www.conservatoriodelasrosas.edu.mx\/Web\/wp-json\/wp\/v2\/pages\/1131","targetHints":{"allow":["GET"]}}],"collection":[{"href":"https:\/\/www.conservatoriodelasrosas.edu.mx\/Web\/wp-json\/wp\/v2\/pages"}],"about":[{"href":"https:\/\/www.conservatoriodelasrosas.edu.mx\/Web\/wp-json\/wp\/v2\/types\/page"}],"author":[{"embeddable":true,"href":"https:\/\/www.conservatoriodelasrosas.edu.mx\/Web\/wp-json\/wp\/v2\/users\/2"}],"replies":[{"embeddable":true,"href":"https:\/\/www.conservatoriodelasrosas.edu.mx\/Web\/wp-json\/wp\/v2\/comments?post=1131"}],"version-history":[{"count":45,"href":"https:\/\/www.conservatoriodelasrosas.edu.mx\/Web\/wp-json\/wp\/v2\/pages\/1131\/revisions"}],"predecessor-version":[{"id":2950,"href":"https:\/\/www.conservatoriodelasrosas.edu.mx\/Web\/wp-json\/wp\/v2\/pages\/1131\/revisions\/2950"}],"wp:attachment":[{"href":"https:\/\/www.conservatoriodelasrosas.edu.mx\/Web\/wp-json\/wp\/v2\/media?parent=1131"}],"curies":[{"name":"wp","href":"https:\/\/api.w.org\/{rel}","templated":true}]}}