{"id":1138,"date":"2019-11-06T15:02:50","date_gmt":"2019-11-06T21:02:50","guid":{"rendered":"https:\/\/www.conservatoriodelasrosas.edu.mx\/Web\/?page_id=1138"},"modified":"2020-01-29T11:47:11","modified_gmt":"2020-01-29T17:47:11","slug":"aspectos-legales","status":"publish","type":"page","link":"https:\/\/www.conservatoriodelasrosas.edu.mx\/Web\/el-conservatorio\/aspectos-legales\/","title":{"rendered":"Aspectos Legales"},"content":{"rendered":"\t\t<div data-elementor-type=\"wp-page\" data-elementor-id=\"1138\" class=\"elementor elementor-1138\">\n\t\t\t\t\t\t<section class=\"elementor-section elementor-top-section elementor-element elementor-element-95ca0ed elementor-section-stretched elementor-section-full_width elementor-section-height-min-height elementor-section-height-default elementor-section-items-middle\" data-id=\"95ca0ed\" data-element_type=\"section\" data-e-type=\"section\" data-settings=\"{&quot;stretch_section&quot;:&quot;section-stretched&quot;,&quot;background_background&quot;:&quot;slideshow&quot;,&quot;background_slideshow_gallery&quot;:[{&quot;id&quot;:2508,&quot;url&quot;:&quot;https:\\\/\\\/www.conservatoriodelasrosas.edu.mx\\\/Web\\\/wp-content\\\/uploads\\\/2020\\\/01\\\/Aspectos-Legales-scaled.jpg&quot;}],&quot;background_slideshow_loop&quot;:&quot;yes&quot;,&quot;background_slideshow_slide_duration&quot;:5000,&quot;background_slideshow_slide_transition&quot;:&quot;fade&quot;,&quot;background_slideshow_transition_duration&quot;:500}\">\n\t\t\t\t\t\t<div class=\"elementor-container elementor-column-gap-default\">\n\t\t\t\t\t<div class=\"elementor-column elementor-col-100 elementor-top-column elementor-element elementor-element-edaf79c\" data-id=\"edaf79c\" data-element_type=\"column\" data-e-type=\"column\">\n\t\t\t<div class=\"elementor-widget-wrap elementor-element-populated\">\n\t\t\t\t\t\t<div class=\"elementor-element elementor-element-04897db elementor-widget elementor-widget-heading\" data-id=\"04897db\" data-element_type=\"widget\" data-e-type=\"widget\" data-widget_type=\"heading.default\">\n\t\t\t\t<div class=\"elementor-widget-container\">\n\t\t\t\t\t<h1 class=\"elementor-heading-title elementor-size-xl\">Aspectos Legales<\/h1>\t\t\t\t<\/div>\n\t\t\t\t<\/div>\n\t\t\t\t\t<\/div>\n\t\t<\/div>\n\t\t\t\t\t<\/div>\n\t\t<\/section>\n\t\t\t\t<section class=\"elementor-section elementor-top-section elementor-element elementor-element-fd1e1f1 elementor-section-stretched elementor-section-boxed elementor-section-height-default elementor-section-height-default\" data-id=\"fd1e1f1\" data-element_type=\"section\" data-e-type=\"section\" data-settings=\"{&quot;stretch_section&quot;:&quot;section-stretched&quot;}\">\n\t\t\t\t\t\t<div class=\"elementor-container elementor-column-gap-default\">\n\t\t\t\t\t<div class=\"elementor-column elementor-col-100 elementor-top-column elementor-element elementor-element-93cb06c\" data-id=\"93cb06c\" data-element_type=\"column\" data-e-type=\"column\">\n\t\t\t<div class=\"elementor-widget-wrap elementor-element-populated\">\n\t\t\t\t\t\t<div class=\"elementor-element elementor-element-131fd5c elementor-tabs-view-horizontal elementor-widget elementor-widget-tabs\" data-id=\"131fd5c\" data-element_type=\"widget\" data-e-type=\"widget\" data-widget_type=\"tabs.default\">\n\t\t\t\t<div class=\"elementor-widget-container\">\n\t\t\t\t\t\t\t<div class=\"elementor-tabs\">\n\t\t\t<div class=\"elementor-tabs-wrapper\" role=\"tablist\" >\n\t\t\t\t\t\t\t\t\t<div id=\"elementor-tab-title-2001\" class=\"elementor-tab-title elementor-tab-desktop-title\" aria-selected=\"true\" data-tab=\"1\" role=\"tab\" tabindex=\"0\" aria-controls=\"elementor-tab-content-2001\" aria-expanded=\"false\">Aviso de privacidad de alumos<\/div>\n\t\t\t\t\t\t\t\t\t<div id=\"elementor-tab-title-2002\" class=\"elementor-tab-title elementor-tab-desktop-title\" aria-selected=\"false\" data-tab=\"2\" role=\"tab\" tabindex=\"-1\" aria-controls=\"elementor-tab-content-2002\" aria-expanded=\"false\">Aviso de privacidad de empleados<\/div>\n\t\t\t\t\t\t\t\t\t<div id=\"elementor-tab-title-2003\" class=\"elementor-tab-title elementor-tab-desktop-title\" aria-selected=\"false\" data-tab=\"3\" role=\"tab\" tabindex=\"-1\" aria-controls=\"elementor-tab-content-2003\" aria-expanded=\"false\">Aviso de no discriminaci\u00f3n<\/div>\n\t\t\t\t\t\t\t<\/div>\n\t\t\t<div class=\"elementor-tabs-content-wrapper\" role=\"tablist\" aria-orientation=\"vertical\">\n\t\t\t\t\t\t\t\t\t<div class=\"elementor-tab-title elementor-tab-mobile-title\" aria-selected=\"true\" data-tab=\"1\" role=\"tab\" tabindex=\"0\" aria-controls=\"elementor-tab-content-2001\" aria-expanded=\"false\">Aviso de privacidad de alumos<\/div>\n\t\t\t\t\t<div id=\"elementor-tab-content-2001\" class=\"elementor-tab-content elementor-clearfix\" data-tab=\"1\" role=\"tabpanel\" aria-labelledby=\"elementor-tab-title-2001\" tabindex=\"0\" hidden=\"false\"><div class=\"mcb-wrap-inner\"><div class=\"column mcb-column one column_column column-margin-\"><div class=\"column_attr clearfix\"><p style=\"text-align: center;\"><span style=\"color: #339966;\"><strong>AVISO DE PRIVACIDAD <\/strong><strong><span style=\"color: #339966;\">CONSERVATORIO<\/span> DE LAS ROSAS, A.C.<\/strong><\/span><\/p><p>C.P. Joel Alejandro Rosas L\u00f3pez, es el responsable del uso y protecci\u00f3n de sus datos personales y atendiendo las obligaciones establecidas en la Ley Federal de Protecci\u00f3n de Datos Personales en posesi\u00f3n de los particulares, a trav\u00e9s de \u00e9ste instrumento informa a los titulares de los datos, la informaci\u00f3n que de ellos se recaba y los fines que se dar\u00e1 a dicha informaci\u00f3n, por lo que pone a su disposici\u00f3n el presente aviso de privacidad y se\u00f1ala como domicilio para los efectos de \u00e9ste, el ubicado en calle Santiago Tapia #334, colonia Centro, Municipio de Morelia, Michoac\u00e1n, c\u00f3digo postal 58000, en la entidad de Michoac\u00e1n, pa\u00eds M\u00e9xico, y portal de internet <a href=\"http:\/\/www.conservatoriodelasrosas.edu.mx\"><span style=\"color: #3366ff;\">www.conservatoriodelasrosas.edu.mx<\/span><\/a> y\/o <a href=\"http:\/\/www.elconser.mx\"><span style=\"color: #3366ff;\">www.elconser.mx<\/span><\/a>.<\/p><ul><li><span style=\"color: #339966;\"><strong>\u00bfPara qu\u00e9 fines utilizaremos sus datos personales? <\/strong><\/span><\/li><\/ul><p>Los datos personales que recabamos de usted, los utilizaremos para las siguientes finalidades, necesarias para concretar nuestra relaci\u00f3n con Usted, as\u00ed como atender los servicios que solicit\u00e9 relacionado con:<\/p><ul><li><em>Fines de cobranza<\/em><\/li><li><em>Fines de calidad de los servicios otorgados<\/em><\/li><li><em>Fines de publicidad de la instituci\u00f3n<\/em><\/li><li><em>Para llevar a cabo la inscripci\u00f3n del alumno en nuestro sistema escolar<\/em><\/li><li><em>Para la creaci\u00f3n, estudio, an\u00e1lisis y actualizaci\u00f3n del expediente del alumno<\/em><\/li><li><em>Para promover los servicios y actividades culturales y escolares de la instituci\u00f3n, as\u00ed como actividades afines<\/em><\/li><li><em>Mercadotecnia o publicitaria de la instituci\u00f3n<\/em><\/li><li><em>Prospecci\u00f3n comercial de a instituc\u00f3n<\/em><\/li><li><strong><em>El Conservatorio de las Rosas, nunca compartir\u00e1 su informaci\u00f3n con terceros<\/em><\/strong><b><em>.<\/em><\/b><\/li><\/ul><p>\u00a0<\/p><ul><li><strong><span style=\"color: #339966;\">\u00bfQu\u00e9 datos personales utilizaremos para estos fines?<\/span> <\/strong><\/li><\/ul><p>Para llevar a cabo las finalidades descritas en el presente aviso de privacidad, utilizaremos los siguientes datos personales:<\/p><ul><li><em>Nombre<\/em><\/li><li><em>Estado Civil<\/em><\/li><li><em>Registro Federal de Contribuyentes(RFC)<\/em><\/li><li><em>Clave \u00fanica de Registro de Poblaci\u00f3n (CURP)<\/em><\/li><li><em>Lugar de nacimiento<\/em><\/li><li><em>Fecha de nacimiento<\/em><\/li><li><em>Nacionalidad<\/em><\/li><li><em>Domicilio<\/em><\/li><li><em>Tel\u00e9fono particular<\/em><\/li><li><em>Tel\u00e9fono celular<\/em><\/li><li><em>Correo electr\u00f3nico<\/em><\/li><li><em>Firma aut\u00f3grafa<\/em><\/li><li><em>Firma electr\u00f3nica<\/em><\/li><li><em>Edad<\/em><\/li><li><em>Fotograf\u00eda<\/em><\/li><li><em>Tipo de sangre<\/em><\/li><li><em>Puesto o cargo que desempe\u00f1a<\/em><\/li><li><em>Domicilio de trabajo<\/em><\/li><li><em>Correo electr\u00f3nico institucional<\/em><\/li><li><em>Tel\u00e9fono institucional<\/em><\/li><li><em>Referencias laborales<\/em><\/li><li><em>Informaci\u00f3n generada durante los procesos de reclutamiento, selecci\u00f3n y contrataci\u00f3n<\/em><\/li><li><em>Capacitaci\u00f3n laboral<\/em><\/li><li><em>Trayectoria educativa<\/em><\/li><li><em>T\u00edtulos<\/em><\/li><li><em>C\u00e9dula profesional<\/em><\/li><li><em>Certificados<\/em><\/li><li><em>Reconocimientos<\/em><\/li><li><em>Calidad migratoria<\/em><\/li><li><em>Datos de identificaci\u00f3n<\/em><\/li><li><em>Datos de contacto<\/em><\/li><li><em>Datos sobre caracter\u00edsticas f\u00edsicas<\/em><\/li><li><em>\u00bfC\u00f3mo puede acceder, rectificar o cancelar sus datos personales, u oponerse a su uso? <\/em><\/li><\/ul><p>Usted tiene derecho a conocer qu\u00e9 datos personales tenemos de usted, para qu\u00e9 los utilizamos y las condiciones del uso que les damos (Acceso). Asimismo, es su derecho solicitar la correcci\u00f3n de su informaci\u00f3n personal en caso de que est\u00e9 desactualizada, sea inexacta o incompleta (Rectificaci\u00f3n); a que la eliminemos de nuestros registros o bases de datos cuando considere que la misma no est\u00e1 siendo utilizada adecuadamente (Cancelaci\u00f3n); as\u00ed como oponerse al uso de sus datos personales para fines espec\u00edficos (Oposici\u00f3n). Los datos personales no ser\u00e1n compartidos con ninguna autoridad, empresa, organizaci\u00f3n o personas distintas a nosotros, siendo su uso restringido y exclusivamente para los fines aqu\u00ed se\u00f1alados, estos derechos se conocen como derechos ARCO.<\/p><ul><li>Para el ejercicio de cualquiera de los derechos ARCO, usted deber\u00e1 presentar la solicitud respectiva a trav\u00e9s de los siguientes medios:<\/li><\/ul><p>Llamando al n\u00famero telef\u00f3nico 443 3120683, o bien, comunic\u00e1ndose mediante el correo electr\u00f3nico a la direcci\u00f3n: serviciosenlinea@conservatoriodelasrosas.edu.mx<\/p><ul><li><span style=\"color: #339966;\"><strong>Con relaci\u00f3n al procedimiento y requisitos para el ejercicio de sus derechos ARCO, le informamos lo siguiente:<\/strong><\/span><\/li><\/ul><p>\u00bfA trav\u00e9s de qu\u00e9 medios pueden acreditar su identidad el titular y, en su caso, su representante, as\u00ed como la personalidad de este \u00faltimo?<\/p><p>Para Identificaci\u00f3n oficial, vigente del Titular, ser\u00e1 v\u00e1lido alguno de los siguientes documentos: Credencial del Instituto Federal Electoral, Pasaporte emitido por la Secretar\u00eda de Relaciones Exteriores, Cartilla del Servicio Militar Nacional o C\u00e9dula Profesional.<\/p><ul><li>b) \u00bfQu\u00e9 informaci\u00f3n y\/o documentaci\u00f3n deber\u00e1 contener la solicitud?<\/li><\/ul><p>La solicitud de ejercicio de derechos ARCO y su acreditaci\u00f3n personal.<\/p><ul><li>c) \u00bfEn cu\u00e1ntos d\u00edas le daremos respuesta a su solicitud?<\/li><\/ul><p>No m\u00e1s de 20 d\u00edas h\u00e1biles.<\/p><ul><li>d) \u00bfPor qu\u00e9 medio le comunicaremos la respuesta a su solicitud?<\/li><\/ul><p>Por la v\u00eda electr\u00f3nica si se cuenta con su correo electr\u00f3nico y\/o por escrito del que deber\u00e1 acusar recibo.<\/p><ul><li>e) \u00bfEn qu\u00e9 medios se pueden reproducir los datos personales que, en su caso, \u00bfsolicite?<\/li><\/ul><p>La entrega de los Datos Personales ser\u00e1 gratuita previa acreditaci\u00f3n de su identidad ante el Responsable. Por excepci\u00f3n, en aquellos casos en los que, derivado de la solicitud particular del Titular, se genere al Responsable gastos justificados de env\u00edo; y en su caso costos por la reproducci\u00f3n o por la generaci\u00f3n de copias u otros formatos que tengan como motivo atender la solicitud del Titular, \u00e9ste deber\u00e1 abonar en los casos en que lo amerite, dichos gastos al Responsable, situaci\u00f3n que se informar\u00e1 al Titular por el Responsable previa la entrega de datos.<\/p><ul><li><span style=\"color: #339966;\"><strong>Los datos de contacto de la persona o departamento de datos personales, que est\u00e1 a cargo de dar tr\u00e1mite a las solicitudes de derechos ARCO, son los siguientes: <\/strong><\/span><\/li><\/ul><ol><li>Nombre de la persona o departamento de datos personales: C.P. Joel Alejandro Rosas L\u00f3pez<\/li><li>Domicilio: calle Santiago Tapia 334, colonia Centro, ciudad Morelia, Municipio o Delegaci\u00f3n Morelia, C.P. 58000, en la entidad de Michoac\u00e1n, pa\u00eds M\u00e9xico<\/li><li>Correo electr\u00f3nico: serviciosenlinea@conservatoriodelasrosas.edu.mx<\/li><li>N\u00famero telef\u00f3nico: 4433120683<\/li><li>Otro dato de contacto: 4436881392<\/li><\/ol><ul><li><span style=\"color: #339966;\"><strong>Usted puede revocar su consentimiento para el uso de sus datos personales<\/strong><\/span><\/li><\/ul><p>Usted puede revocar el consentimiento que, en su caso, nos haya otorgado para el tratamiento de sus datos personales. Sin embargo, es importante que tenga en cuenta que no en todos los casos podremos atender su solicitud o concluir el uso de forma inmediata, ya que es posible que por alguna obligaci\u00f3n legal requiramos seguir tratando sus datos personales. Asimismo, usted deber\u00e1 considerar que para ciertos fines, la revocaci\u00f3n de su consentimiento implicar\u00e1 que no le podamos seguir prestando el servicio que nos solicit\u00f3, o la conclusi\u00f3n de su relaci\u00f3n con nosotros.<\/p><ul><li><strong><span style=\"color: #339966;\">Para revocar su consentimiento deber\u00e1 presentar su solicitud a trav\u00e9s del siguiente medio:<\/span> <\/strong><\/li><\/ul><p>Escrito conteniendo su expresa revocaci\u00f3n, dirigido y presentando su revocaci\u00f3n por escrito a la Secretaria Administrativa del Conservatorio de las Rosas A.C., a la atenci\u00f3n del responsable C.P. Joel Alejandro Rosas L\u00f3pez, debidamente firmada por el titular en original y copia.<\/p><ul><li><span style=\"color: #339966;\"><strong>Para conocer el procedimiento y requisitos para la revocaci\u00f3n del consentimiento, ponemos a su disposici\u00f3n el siguiente medio:<\/strong><\/span><\/li><\/ul><p>En las oficinas del responsable.<\/p><ul><li><span style=\"color: #339966;\"><strong>\u00bfC\u00f3mo puede limitar el uso o divulgaci\u00f3n de su informaci\u00f3n personal? <\/strong><\/span><\/li><\/ul><p>Con objeto de que usted pueda limitar el uso y divulgaci\u00f3n de su informaci\u00f3n personal, le ofrecemos los siguientes medios: Usted podr\u00e1 solicitar la actualizaci\u00f3n, limitar el uso o divulgaci\u00f3n de sus Datos Personales, y en su caso, informarse de cualquier aspecto relacionado con el tratamiento de los mismos en cualquier momento a los tel\u00e9fonos 443 3120683 y 443 6881392 o enviando un correo electr\u00f3nico a la direcci\u00f3n serviciosenlinea@conservatoriodelasrosas.edu.mx <strong>\u27a2<\/strong><strong> \u00bfC\u00f3mo puede conocer los cambios en este aviso de privacidad?<\/strong> El presente aviso de privacidad puede sufrir modificaciones, cambios o actualizaciones derivadas de nuevos requerimientos legales; de nuestras propias necesidades por los productos o servicios que ofrecemos; de nuestras pr\u00e1cticas de privacidad; de cambios en nuestro modelo de negocio, o por otras causas. Nos comprometemos a mantenerlo informado sobre los cambios que pueda sufrir el presente aviso de privacidad, a trav\u00e9s de: la p\u00e1gina de internet del responsable. serviciosenlinea@conservatoriodelasrosas.edu.mx, a trav\u00e9s de env\u00edos de comunicados a los correos electr\u00f3nicos de los titulares o bien acudiendo de manera personal a la direcci\u00f3n del responsable C.P Joel Alejandro Rosas L\u00f3pez, inserta en este aviso de privacidad. Otorgo mi consentimiento para que mis datos personales sean tratados de conformidad con los t\u00e9rminos y condiciones informados en el presente aviso de privacidad. La temporalidad del manejo de sus datos personales ser\u00e1 indefinida y hasta en tanto nos manifieste su oposici\u00f3n. <strong><u>Su consentimiento para el tratamiento de sus datos personales.<\/u><\/strong> \u00a0 Nombre y firma del titular: ________________________________________ \u00daltima actualizaci\u00f3n: 13\/03\/2019 \u00a0<\/p><\/div><\/div><\/div><\/div>\n\t\t\t\t\t\t\t\t\t<div class=\"elementor-tab-title elementor-tab-mobile-title\" aria-selected=\"false\" data-tab=\"2\" role=\"tab\" tabindex=\"-1\" aria-controls=\"elementor-tab-content-2002\" aria-expanded=\"false\">Aviso de privacidad de empleados<\/div>\n\t\t\t\t\t<div id=\"elementor-tab-content-2002\" class=\"elementor-tab-content elementor-clearfix\" data-tab=\"2\" role=\"tabpanel\" aria-labelledby=\"elementor-tab-title-2002\" tabindex=\"0\" hidden=\"hidden\"><p style=\"text-align: center;\"><span style=\"color: #339966;\"><strong>AVISO DE PRIVACIDAD <\/strong><strong>CONSERVATORIO DE LAS ROSAS, A.C.<\/strong><\/span><\/p><p>C.P. Joel Alejandro Rosas L\u00f3pez, es el responsable del uso y protecci\u00f3n de sus datos personales y atendiendo las obligaciones establecidas en la Ley Federal de Protecci\u00f3n de Datos Personales en posesi\u00f3n de los particulares, a trav\u00e9s de \u00e9ste instrumento informa a los titulares de los datos, la informaci\u00f3n que de ellos se recaba y los fines que se dar\u00e1 a dicha informaci\u00f3n, por lo que pone a su disposici\u00f3n el presente aviso de privacidad y se\u00f1ala como domicilio para los efectos de \u00e9ste, el ubicado en calle Santiago Tapia #334, colonia Centro, Municipio de Morelia, Michoac\u00e1n, c\u00f3digo postal 58000, en la entidad de Michoac\u00e1n, pa\u00eds M\u00e9xico, y portal de internet <span style=\"color: #3366ff;\"><a style=\"color: #3366ff;\" href=\"http:\/\/www.conservatoriodelasrosas.edu.mx\">www.conservatoriodelasrosas.edu.mx<\/a> <\/span>y\/o <a href=\"http:\/\/www.elconser.mx\"><span style=\"color: #3366ff;\">www.elconser.mx<\/span><\/a>.<\/p><ul><li><span style=\"color: #339966;\"><strong>\u00bfPara qu\u00e9 fines utilizaremos sus datos personales? <\/strong><\/span><\/li><\/ul><p>Los datos personales que recabamos de usted, los utilizaremos para las siguientes finalidades, necesarias para concretar nuestra relaci\u00f3n con Usted, as\u00ed como atender los servicios que solicit\u00e9 relacionado con:<\/p><ul><li><em>Fines de cobranza<\/em><\/li><li><em>Fines de calidad de los servicios otorgados<\/em><\/li><li><em>Fines de publicidad de la instituci\u00f3n<\/em><\/li><li><em>Para llevar a cabo la inscripci\u00f3n del alumno en nuestro sistema escolar<\/em><\/li><li><em>Para la creaci\u00f3n, estudio, an\u00e1lisis y actualizaci\u00f3n del expediente del alumno<\/em><\/li><li><em>Para promover los servicios y actividades culturales y escolares de la instituci\u00f3n, as\u00ed como actividades afines<\/em><\/li><li><em>Mercadotecnia o publicitaria de la instituci\u00f3n<\/em><\/li><li><em>Prospecci\u00f3n comercial de a instituc\u00f3n<\/em><\/li><li><b><em>El Conservatorio de las Rosas, nunca compartir\u00e1 su informaci\u00f3n con terceros.<\/em><\/b><\/li><\/ul><p>\u00a0<\/p><ul><li><span style=\"color: #339966;\"><strong>\u00bfQu\u00e9 datos personales utilizaremos para estos fines?<\/strong><\/span><\/li><\/ul><p>Para llevar a cabo las finalidades descritas en el presente aviso de privacidad, utilizaremos los siguientes datos personales:<\/p><ul><li><em>Nombre<\/em><\/li><li><em>Estado Civil<\/em><\/li><li><em>Registro Federal de Contribuyentes(RFC)<\/em><\/li><li><em>Clave \u00fanica de Registro de Poblaci\u00f3n (CURP)<\/em><\/li><li><em>Lugar de nacimiento<\/em><\/li><li><em>Fecha de nacimiento<\/em><\/li><li><em>Nacionalidad<\/em><\/li><li><em>Domicilio<\/em><\/li><li><em>Tel\u00e9fono particular<\/em><\/li><li><em>Tel\u00e9fono celular<\/em><\/li><li><em>Correo electr\u00f3nico<\/em><\/li><li><em>Firma aut\u00f3grafa<\/em><\/li><li><em>Firma electr\u00f3nica<\/em><\/li><li><em>Edad<\/em><\/li><li><em>Fotograf\u00eda<\/em><\/li><li><em>Tipo de sangre<\/em><\/li><li><em>Puesto o cargo que desempe\u00f1a<\/em><\/li><li><em>Domicilio de trabajo<\/em><\/li><li><em>Correo electr\u00f3nico institucional<\/em><\/li><li><em>Tel\u00e9fono institucional<\/em><\/li><li><em>Referencias laborales<\/em><\/li><li><em>Informaci\u00f3n generada durante los procesos de reclutamiento, selecci\u00f3n y contrataci\u00f3n<\/em><\/li><li><em>Capacitaci\u00f3n laboral<\/em><\/li><li><em>Trayectoria educativa<\/em><\/li><li><em>T\u00edtulos<\/em><\/li><li><em>C\u00e9dula profesional<\/em><\/li><li><em>Certificados<\/em><\/li><li><em>Reconocimientos<\/em><\/li><li><em>Calidad migratoria<\/em><\/li><li><em>Datos de identificaci\u00f3n<\/em><\/li><li><em>Datos de contacto<\/em><\/li><li><em>Datos sobre caracter\u00edsticas f\u00edsicas<\/em><\/li><li><em>\u00bfC\u00f3mo puede acceder, rectificar o cancelar sus datos personales, u oponerse a su uso? <\/em><\/li><\/ul><p>\u00a0 Usted tiene derecho a conocer qu\u00e9 datos personales tenemos de usted, para qu\u00e9 los utilizamos y las condiciones del uso que les damos (Acceso). Asimismo, es su derecho solicitar la correcci\u00f3n de su informaci\u00f3n personal en caso de que est\u00e9 desactualizada, sea inexacta o incompleta (Rectificaci\u00f3n); a que la eliminemos de nuestros registros o bases de datos cuando considere que la misma no est\u00e1 siendo utilizada adecuadamente (Cancelaci\u00f3n); as\u00ed como oponerse al uso de sus datos personales para fines espec\u00edficos (Oposici\u00f3n). Los datos personales no ser\u00e1n compartidos con ninguna autoridad, empresa, organizaci\u00f3n o personas distintas a nosotros, siendo su uso restringido y exclusivamente para los fines aqu\u00ed se\u00f1alados, estos derechos se conocen como derechos ARCO.<\/p><ul><li>Para el ejercicio de cualquiera de los derechos ARCO, usted deber\u00e1 presentar la solicitud respectiva a trav\u00e9s de los siguientes medios:<\/li><\/ul><p>Llamando al n\u00famero telef\u00f3nico 443 3120683, o bien, comunic\u00e1ndose mediante el correo electr\u00f3nico a la direcci\u00f3n: serviciosenlinea@conservatoriodelasrosas.edu.mx<\/p><ul><li><span style=\"color: #339966;\"><strong>Con relaci\u00f3n al procedimiento y requisitos para el ejercicio de sus derechos ARCO, le informamos lo siguiente:<\/strong><\/span><\/li><\/ul><p>\u00bfA trav\u00e9s de qu\u00e9 medios pueden acreditar su identidad el titular y, en su caso, su representante, as\u00ed como la personalidad de este \u00faltimo?<\/p><p>Para Identificaci\u00f3n oficial, vigente del Titular, ser\u00e1 v\u00e1lido alguno de los siguientes documentos: Credencial del Instituto Federal Electoral, Pasaporte emitido por la Secretar\u00eda de Relaciones Exteriores, Cartilla del Servicio Militar Nacional o C\u00e9dula Profesional.<\/p><ul><li>b) \u00bfQu\u00e9 informaci\u00f3n y\/o documentaci\u00f3n deber\u00e1 contener la solicitud?<\/li><\/ul><p>La solicitud de ejercicio de derechos ARCO y su acreditaci\u00f3n personal.<\/p><ul><li>c) \u00bfEn cu\u00e1ntos d\u00edas le daremos respuesta a su solicitud?<\/li><\/ul><p>No m\u00e1s de 20 d\u00edas h\u00e1biles.<\/p><ul><li>d) \u00bfPor qu\u00e9 medio le comunicaremos la respuesta a su solicitud?<\/li><\/ul><p>Por la v\u00eda electr\u00f3nica si se cuenta con su correo electr\u00f3nico y\/o por escrito del que deber\u00e1 acusar recibo.<\/p><ul><li>e) \u00bfEn qu\u00e9 medios se pueden reproducir los datos personales que, en su caso, \u00bfsolicite?<\/li><\/ul><p>La entrega de los Datos Personales ser\u00e1 gratuita previa acreditaci\u00f3n de su identidad ante el Responsable. Por excepci\u00f3n, en aquellos casos en los que, derivado de la solicitud particular del Titular, se genere al Responsable gastos justificados de env\u00edo; y en su caso costos por la reproducci\u00f3n o por la generaci\u00f3n de copias u otros formatos que tengan como motivo atender la solicitud del Titular, \u00e9ste deber\u00e1 abonar en los casos en que lo amerite, dichos gastos al Responsable, situaci\u00f3n que se informar\u00e1 al Titular por el Responsable previa la entrega de datos.<\/p><ul><li><strong><span style=\"color: #339966;\">Los datos de contacto de la persona o departamento de datos personales, que est\u00e1 a cargo de dar tr\u00e1mite a las solicitudes de derechos ARCO, son los siguientes:<\/span> <\/strong><\/li><\/ul><ol><li>Nombre de la persona o departamento de datos personales: C.P. Joel Alejandro Rosas L\u00f3pez<\/li><li>Domicilio: calle Santiago Tapia 334, colonia Centro, ciudad Morelia, Municipio o Delegaci\u00f3n Morelia, C.P. 58000, en la entidad de Michoac\u00e1n, pa\u00eds M\u00e9xico<\/li><li>Correo electr\u00f3nico: serviciosenlinea@conservatoriodelasrosas.edu.mx<\/li><li>N\u00famero telef\u00f3nico: 4433120683<\/li><li>Otro dato de contacto: 4436881392<\/li><\/ol><ul><li><span style=\"color: #339966;\"><strong>Usted puede revocar su consentimiento para el uso de sus datos personales<\/strong><\/span><\/li><\/ul><p>Usted puede revocar el consentimiento que, en su caso, nos haya otorgado para el tratamiento de sus datos personales. Sin embargo, es importante que tenga en cuenta que no en todos los casos podremos atender su solicitud o concluir el uso de forma inmediata, ya que es posible que por alguna obligaci\u00f3n legal requiramos seguir tratando sus datos personales. Asimismo, usted deber\u00e1 considerar que para ciertos fines, la revocaci\u00f3n de su consentimiento implicar\u00e1 que no le podamos seguir prestando el servicio que nos solicit\u00f3, o la conclusi\u00f3n de su relaci\u00f3n con nosotros.<\/p><ul><li><strong><span style=\"color: #339966;\">Para revocar su consentimiento deber\u00e1 presentar su solicitud a trav\u00e9s del siguiente medio:<\/span> <\/strong><\/li><\/ul><p>Escrito conteniendo su expresa revocaci\u00f3n, dirigido y presentando su revocaci\u00f3n por escrito a la Secretaria Administrativa del Conservatorio de las Rosas A.C., a la atenci\u00f3n del responsable C.P. Joel Alejandro Rosas L\u00f3pez, debidamente firmada por el titular en original y copia.<\/p><ul><li><span style=\"color: #339966;\"><strong>Para conocer el procedimiento y requisitos para la revocaci\u00f3n del consentimiento, ponemos a su disposici\u00f3n el siguiente medio:<\/strong><\/span><\/li><\/ul><p>En las oficinas del responsable.<\/p><ul><li><strong><span style=\"color: #339966;\">\u00bfC\u00f3mo puede limitar el uso o divulgaci\u00f3n de su informaci\u00f3n personal?<\/span> <\/strong><\/li><\/ul><p>Con objeto de que usted pueda limitar el uso y divulgaci\u00f3n de su informaci\u00f3n personal, le ofrecemos los siguientes medios: Usted podr\u00e1 solicitar la actualizaci\u00f3n, limitar el uso o divulgaci\u00f3n de sus Datos Personales, y en su caso, informarse de cualquier aspecto relacionado con el tratamiento de los mismos en cualquier momento a los tel\u00e9fonos 443 3120683 y 443 6881392 o enviando un correo electr\u00f3nico a la direcci\u00f3n serviciosenlinea@conservatoriodelasrosas.edu.mx <strong>\u27a2<\/strong><strong> \u00bfC\u00f3mo puede conocer los cambios en este aviso de privacidad?<\/strong> El presente aviso de privacidad puede sufrir modificaciones, cambios o actualizaciones derivadas de nuevos requerimientos legales; de nuestras propias necesidades por los productos o servicios que ofrecemos; de nuestras pr\u00e1cticas de privacidad; de cambios en nuestro modelo de negocio, o por otras causas. Nos comprometemos a mantenerlo informado sobre los cambios que pueda sufrir el presente aviso de privacidad, a trav\u00e9s de: la p\u00e1gina de internet del responsable. serviciosenlinea@conservatoriodelasrosas.edu.mx, a trav\u00e9s de env\u00edos de comunicados a los correos electr\u00f3nicos de los titulares o bien acudiendo de manera personal a la direcci\u00f3n del responsable C.P Joel Alejandro Rosas L\u00f3pez, inserta en este aviso de privacidad. Otorgo mi consentimiento para que mis datos personales sean tratados de conformidad con los t\u00e9rminos y condiciones informados en el presente aviso de privacidad. La temporalidad del manejo de sus datos personales ser\u00e1 indefinida y hasta en tanto nos manifieste su oposici\u00f3n. <strong><u>Su consentimiento para el tratamiento de sus datos personales.<\/u><\/strong> \u00a0 Nombre y firma del titular: ________________________________________ \u00daltima actualizaci\u00f3n: 13\/03\/2019<\/p><\/div>\n\t\t\t\t\t\t\t\t\t<div class=\"elementor-tab-title elementor-tab-mobile-title\" aria-selected=\"false\" data-tab=\"3\" role=\"tab\" tabindex=\"-1\" aria-controls=\"elementor-tab-content-2003\" aria-expanded=\"false\">Aviso de no discriminaci\u00f3n<\/div>\n\t\t\t\t\t<div id=\"elementor-tab-content-2003\" class=\"elementor-tab-content elementor-clearfix\" data-tab=\"3\" role=\"tabpanel\" aria-labelledby=\"elementor-tab-title-2003\" tabindex=\"0\" hidden=\"hidden\"><p style=\"text-align: center;\"><span style=\"color: #339966;\"><strong>A TODOS LOS PADRES DE FAMILIA, ALUMNOS, CLIENTES, USUARIOS Y PUBLICO EN GENERAL:<\/strong><\/span><\/p><p>En esta instituci\u00f3n no se discrimina por motivos de raza, religi\u00f3n, orientaci\u00f3n sexual, condici\u00f3n f\u00edsica o socioecon\u00f3mica ni por ning\u00fan otro motivo, entendi\u00e9ndose por discriminaci\u00f3n la negaci\u00f3n, exclusi\u00f3n, distinci\u00f3n, menoscabo, impedimento o restricci\u00f3n de alguno o algunos de los derechos humanos de las personas, grupos y comunidades en situaci\u00f3n de discriminaci\u00f3n imputables a personas f\u00edsicas o morales o entes p\u00fablicos con intenci\u00f3n o sin ella, dolosa o culpable, por acci\u00f3n u omisi\u00f3n, por raz\u00f3n de su origen \u00e9tnico, nacional, lengua, sexo, g\u00e9nero, identidad ind\u00edgena, expresi\u00f3n de rol de g\u00e9nero, edad, discapacidad, condici\u00f3n jur\u00eddica, social o econ\u00f3mica, apariencia f\u00edsica, condiciones de salud, caracter\u00edsticas gen\u00e9ticas, embarazo, religi\u00f3n, opiniones pol\u00edticas, acad\u00e9micas o filos\u00f3ficas, identidad o filiaci\u00f3n pol\u00edtica, orientaci\u00f3n o preferencia sexual, estado civil, por su forma de pensar, vestir, actuar, gesticular, por tener tatuajes o perforaciones corporales o cualquier otra que tenga por efecto anular o menoscabar el reconocimiento, goce o ejercicio, de los derechos y libertades fundamentales, as\u00ed como la igualdad de las personas.<\/p><p><em><u>Conservatorio de las Rosas, A.C.<\/u><\/em><\/p><\/div>\n\t\t\t\t\t\t\t<\/div>\n\t\t<\/div>\n\t\t\t\t\t\t<\/div>\n\t\t\t\t<\/div>\n\t\t\t\t\t<\/div>\n\t\t<\/div>\n\t\t\t\t\t<\/div>\n\t\t<\/section>\n\t\t\t\t<\/div>\n\t\t","protected":false},"excerpt":{"rendered":"<p>Aspectos Legales Aviso de privacidad de alumos Aviso de privacidad de empleados Aviso de no discriminaci\u00f3n Aviso de privacidad de alumos AVISO DE PRIVACIDAD CONSERVATORIO DE LAS ROSAS, A.C. C.P. Joel Alejandro Rosas L\u00f3pez, es el responsable del uso y protecci\u00f3n de sus datos personales y atendiendo las obligaciones establecidas en la Ley Federal de Protecci\u00f3n de Datos Personales en posesi\u00f3n de los particulares, a&hellip; <\/p>\n","protected":false},"author":2,"featured_media":0,"parent":32,"menu_order":0,"comment_status":"closed","ping_status":"closed","template":"","meta":{"footnotes":""},"class_list":["post-1138","page","type-page","status-publish","hentry","clearfix"],"_links":{"self":[{"href":"https:\/\/www.conservatoriodelasrosas.edu.mx\/Web\/wp-json\/wp\/v2\/pages\/1138","targetHints":{"allow":["GET"]}}],"collection":[{"href":"https:\/\/www.conservatoriodelasrosas.edu.mx\/Web\/wp-json\/wp\/v2\/pages"}],"about":[{"href":"https:\/\/www.conservatoriodelasrosas.edu.mx\/Web\/wp-json\/wp\/v2\/types\/page"}],"author":[{"embeddable":true,"href":"https:\/\/www.conservatoriodelasrosas.edu.mx\/Web\/wp-json\/wp\/v2\/users\/2"}],"replies":[{"embeddable":true,"href":"https:\/\/www.conservatoriodelasrosas.edu.mx\/Web\/wp-json\/wp\/v2\/comments?post=1138"}],"version-history":[{"count":10,"href":"https:\/\/www.conservatoriodelasrosas.edu.mx\/Web\/wp-json\/wp\/v2\/pages\/1138\/revisions"}],"predecessor-version":[{"id":2525,"href":"https:\/\/www.conservatoriodelasrosas.edu.mx\/Web\/wp-json\/wp\/v2\/pages\/1138\/revisions\/2525"}],"up":[{"embeddable":true,"href":"https:\/\/www.conservatoriodelasrosas.edu.mx\/Web\/wp-json\/wp\/v2\/pages\/32"}],"wp:attachment":[{"href":"https:\/\/www.conservatoriodelasrosas.edu.mx\/Web\/wp-json\/wp\/v2\/media?parent=1138"}],"curies":[{"name":"wp","href":"https:\/\/api.w.org\/{rel}","templated":true}]}}