{"id":1235,"date":"2019-11-15T10:01:36","date_gmt":"2019-11-15T16:01:36","guid":{"rendered":"https:\/\/www.conservatoriodelasrosas.edu.mx\/Web\/?page_id=1235"},"modified":"2020-11-09T10:17:58","modified_gmt":"2020-11-09T16:17:58","slug":"historia-del-conservatorio","status":"publish","type":"page","link":"https:\/\/www.conservatoriodelasrosas.edu.mx\/Web\/el-conservatorio\/historia-del-conservatorio\/","title":{"rendered":"Historia"},"content":{"rendered":"\t\t<div data-elementor-type=\"wp-page\" data-elementor-id=\"1235\" class=\"elementor elementor-1235\">\n\t\t\t\t\t\t<section class=\"elementor-section elementor-top-section elementor-element elementor-element-79a18e7 elementor-section-stretched elementor-section-full_width elementor-section-height-min-height elementor-section-height-default elementor-section-items-middle\" data-id=\"79a18e7\" data-element_type=\"section\" data-e-type=\"section\" data-settings=\"{&quot;stretch_section&quot;:&quot;section-stretched&quot;,&quot;background_background&quot;:&quot;slideshow&quot;,&quot;background_slideshow_gallery&quot;:[{&quot;id&quot;:1306,&quot;url&quot;:&quot;https:\\\/\\\/www.conservatoriodelasrosas.edu.mx\\\/Web\\\/wp-content\\\/uploads\\\/2019\\\/11\\\/Piano.jpg&quot;}],&quot;background_slideshow_loop&quot;:&quot;yes&quot;,&quot;background_slideshow_slide_duration&quot;:5000,&quot;background_slideshow_slide_transition&quot;:&quot;fade&quot;,&quot;background_slideshow_transition_duration&quot;:500}\">\n\t\t\t\t\t\t<div class=\"elementor-container elementor-column-gap-default\">\n\t\t\t\t\t<div class=\"elementor-column elementor-col-100 elementor-top-column elementor-element elementor-element-540ae87\" data-id=\"540ae87\" data-element_type=\"column\" data-e-type=\"column\">\n\t\t\t<div class=\"elementor-widget-wrap elementor-element-populated\">\n\t\t\t\t\t\t<div class=\"elementor-element elementor-element-2354458 elementor-widget elementor-widget-heading\" data-id=\"2354458\" data-element_type=\"widget\" data-e-type=\"widget\" data-widget_type=\"heading.default\">\n\t\t\t\t<div class=\"elementor-widget-container\">\n\t\t\t\t\t<h2 class=\"elementor-heading-title elementor-size-default\">Historia<\/h2>\t\t\t\t<\/div>\n\t\t\t\t<\/div>\n\t\t\t\t\t<\/div>\n\t\t<\/div>\n\t\t\t\t\t<\/div>\n\t\t<\/section>\n\t\t\t\t<section class=\"elementor-section elementor-top-section elementor-element elementor-element-46b9d2bf elementor-section-boxed elementor-section-height-default elementor-section-height-default\" data-id=\"46b9d2bf\" data-element_type=\"section\" data-e-type=\"section\">\n\t\t\t\t\t\t<div class=\"elementor-container elementor-column-gap-default\">\n\t\t\t\t\t<div class=\"elementor-column elementor-col-100 elementor-top-column elementor-element elementor-element-24141b00\" data-id=\"24141b00\" data-element_type=\"column\" data-e-type=\"column\">\n\t\t\t<div class=\"elementor-widget-wrap elementor-element-populated\">\n\t\t\t\t\t\t<div class=\"elementor-element elementor-element-74893ca7 animated-slow elementor-invisible elementor-widget elementor-widget-timeline-widget-addon\" data-id=\"74893ca7\" data-element_type=\"widget\" data-e-type=\"widget\" data-settings=\"{&quot;_animation&quot;:&quot;bounce&quot;}\" data-widget_type=\"timeline-widget-addon.default\">\n\t\t\t\t<div class=\"elementor-widget-container\">\n\t\t\t\t\t<!-- ========= Timeline Widget Addon For Elementor 1.6.14 ========= -->\n<div id=\"twae-wrapper-74893ca7\" class=\"twae-vertical twae-wrapper  twae-both-sided\">   \n    <div class=\"twae-start\"><\/div>    \n    <div id=\"twea-timeline-74893ca7\" class=\"twae-timeline\" ><!-- Start of Story Repeater Content --><div id=\"story-328d070\" class=\"twae-story twae-repeater-item twae-story-right twae-story-no-icon\"><!-- Story Label --><div class=\"twae-labels\"><div class=\"twae-label-big\">1743<\/div><\/div><!-- Story Icon --><div class=\"twae-icon\"><i aria-hidden=\"true\" class=\"far fa-circle\"><\/i><\/div><!-- Story Arrow --><div class=\"twae-arrow\"><\/div><!-- Start of Story Content --><div class=\"twae-content\"><!-- Story Title --><div class=\"twae-title\">Se fund\u00f3 el edificio que hoy ocupa el Conservatorio de las Rosas\u200b<\/div><!-- Story Image --><div class=\"twae-media thumbnail\"><img decoding=\"async\" width=\"150\" height=\"150\" src=\"https:\/\/www.conservatoriodelasrosas.edu.mx\/Web\/wp-content\/uploads\/2019\/11\/Fuera-del-conservatorio-150x150.jpg\" class=\"attachment-thumbnail size-thumbnail\" alt=\"\" srcset=\"https:\/\/www.conservatoriodelasrosas.edu.mx\/Web\/wp-content\/uploads\/2019\/11\/Fuera-del-conservatorio-150x150.jpg 150w, https:\/\/www.conservatoriodelasrosas.edu.mx\/Web\/wp-content\/uploads\/2019\/11\/Fuera-del-conservatorio-250x250.jpg 250w, https:\/\/www.conservatoriodelasrosas.edu.mx\/Web\/wp-content\/uploads\/2019\/11\/Fuera-del-conservatorio-100x100.jpg 100w\" sizes=\"(max-width: 150px) 100vw, 150px\" \/><\/div><!-- Story Description --><div class=\"twae-description\"><p style=\"text-align: justify\">En el a\u00f1o de 1743 se fund\u00f3 en la ciudad de Valladolid de Michoac\u00e1n el Colegio de Ni\u00f1as de Santa Rosa de Santa Mar\u00eda, en el mismo edificio que hoy ocupa el Conservatorio de las Rosas.<\/p><\/div><\/div><\/div><!-- Start of Story Repeater Content --><div id=\"story-f623160\" class=\"twae-story twae-repeater-item twae-story-left twae-story-no-icon\"><!-- Story Label --><div class=\"twae-labels\"><div class=\"twae-label-big\">1914<\/div><\/div><!-- Story Icon --><div class=\"twae-icon\"><i aria-hidden=\"true\" class=\"far fa-circle\"><\/i><\/div><!-- Story Arrow --><div class=\"twae-arrow\"><\/div><!-- Start of Story Content --><div class=\"twae-content\"><!-- Story Title --><div class=\"twae-title\">Orfe\u00f3n P\u00edo X<\/div><!-- Story Image --><div class=\"twae-media thumbnail\"><img decoding=\"async\" width=\"150\" height=\"150\" src=\"https:\/\/www.conservatoriodelasrosas.edu.mx\/Web\/wp-content\/uploads\/2020\/10\/Formacion-musical-150x150.png\" class=\"attachment-thumbnail size-thumbnail\" alt=\"\" \/><\/div><!-- Story Description --><div class=\"twae-description\"><p style=\"text-align: justify\">En 1914 en la ciudad se organiz\u00f3 el Orfe\u00f3n P\u00edo X, con el objeto de otorgar una cuidada formaci\u00f3n musical.<\/p><\/div><\/div><\/div><!-- Start of Story Repeater Content --><div id=\"story-b8fa5ac\" class=\"twae-story twae-repeater-item twae-story-right twae-story-no-icon\"><!-- Story Label --><div class=\"twae-labels\"><div class=\"twae-label-big\">1926<\/div><\/div><!-- Story Icon --><div class=\"twae-icon\"><i aria-hidden=\"true\" class=\"far fa-circle\"><\/i><\/div><!-- Story Arrow --><div class=\"twae-arrow\"><\/div><!-- Start of Story Content --><div class=\"twae-content\"><!-- Story Title --><div class=\"twae-title\">Se otorgaron los primeros t\u00edtulos<\/div><!-- Story Image --><div class=\"twae-media thumbnail\"><img decoding=\"async\" width=\"150\" height=\"150\" src=\"https:\/\/www.conservatoriodelasrosas.edu.mx\/Web\/wp-content\/uploads\/2020\/10\/photo5753426327754614744-150x150.jpg\" class=\"attachment-thumbnail size-thumbnail\" alt=\"\" \/><\/div><!-- Story Description --><div class=\"twae-description\"><p style=\"text-align: justify\">En 1926 se otorgaron los primeros t\u00edtulos de \u201cLicencia de Canto gregoriano\u201d y \u201cMagisterio en Composici\u00f3n\u201d.<\/p><\/div><\/div><\/div><!-- Start of Story Repeater Content --><div id=\"story-b2ca925\" class=\"twae-story twae-repeater-item twae-story-left twae-story-no-icon\"><!-- Story Label --><div class=\"twae-labels\"><div class=\"twae-label-big\">1927<\/div><\/div><!-- Story Icon --><div class=\"twae-icon\"><i aria-hidden=\"true\" class=\"far fa-circle\"><\/i><\/div><!-- Story Arrow --><div class=\"twae-arrow\"><\/div><!-- Start of Story Content --><div class=\"twae-content\"><!-- Story Title --><div class=\"twae-title\">Miguel Bernal Jim\u00e9nez<\/div><!-- Story Image --><div class=\"twae-media thumbnail\"><img loading=\"lazy\" decoding=\"async\" width=\"150\" height=\"150\" src=\"https:\/\/www.conservatoriodelasrosas.edu.mx\/Web\/wp-content\/uploads\/2020\/10\/Miguel-Bernal-150x150.png\" class=\"attachment-thumbnail size-thumbnail\" alt=\"\" \/><\/div><!-- Story Description --><div class=\"twae-description\"><p style=\"text-align: justify\">Entre los disc\u00edpulos titulados en 1927 se encontraba Miguel Bernal Jim\u00e9nez, quien al a\u00f1o siguiente fue enviado a Roma para especializarse en \u00f3rgano y a su regreso ocupar la plaza de maestro de este instrumento.<\/p><\/div><\/div><\/div><!-- Start of Story Repeater Content --><div id=\"story-a8a9d1c\" class=\"twae-story twae-repeater-item twae-story-right twae-story-no-icon\"><!-- Story Label --><div class=\"twae-labels\"><div class=\"twae-label-big\">1949<\/div><\/div><!-- Story Icon --><div class=\"twae-icon\"><i aria-hidden=\"true\" class=\"far fa-circle\"><\/i><\/div><!-- Story Arrow --><div class=\"twae-arrow\"><\/div><!-- Start of Story Content --><div class=\"twae-content\"><!-- Story Title --><div class=\"twae-title\">Coro de los Ni\u00f1os Cantores<\/div><!-- Story Image --><div class=\"twae-media thumbnail\"><img loading=\"lazy\" decoding=\"async\" width=\"150\" height=\"150\" src=\"https:\/\/www.conservatoriodelasrosas.edu.mx\/Web\/wp-content\/uploads\/2020\/05\/hernan-cortes-150x150.jpg\" class=\"attachment-thumbnail size-thumbnail\" alt=\"\" \/><\/div><!-- Story Description --><div class=\"twae-description\"><p style=\"text-align: justify\">Los Ni\u00f1os Cantores de Morelia son, sin lugar a dudas, un referente de la cultura michoacana, en particular de la hermosa ciudad que representa, y a la cual ha llevado con su nombre no s\u00f3lo a todos los confines de M\u00e9xico, sino a gran parte del planeta, ya que su historia y calidad han trascendido sus fronteras desde 1949.<\/p><\/div><\/div><\/div><!-- Start of Story Repeater Content --><div id=\"story-b9bafdb\" class=\"twae-story twae-repeater-item twae-story-left twae-story-no-icon\"><!-- Story Label --><div class=\"twae-labels\"><div class=\"twae-label-big\">1950<\/div><\/div><!-- Story Icon --><div class=\"twae-icon\"><i aria-hidden=\"true\" class=\"far fa-circle\"><\/i><\/div><!-- Story Arrow --><div class=\"twae-arrow\"><\/div><!-- Start of Story Content --><div class=\"twae-content\"><!-- Story Title --><div class=\"twae-title\">Asociaci\u00f3n Civil del Conservatorio de las Rosas<\/div><!-- Story Image --><div class=\"twae-media thumbnail\"><img loading=\"lazy\" decoding=\"async\" width=\"150\" height=\"150\" src=\"https:\/\/www.conservatoriodelasrosas.edu.mx\/Web\/wp-content\/uploads\/2020\/10\/photo5753426327754614740-150x150.jpg\" class=\"attachment-thumbnail size-thumbnail\" alt=\"\" \/><\/div><!-- Story Description --><div class=\"twae-description\"><p style=\"text-align: justify\">A partir de 1941 la Escuela se traslad\u00f3 al edificio de las Rosas, pero fue hasta 1950 que, luego de constituida la Asociaci\u00f3n Civil del Conservatorio de las Rosas, el inmueble fue cedido definitivamente a la Escuela.<\/p><\/div><\/div><\/div><!-- Start of Story Repeater Content --><div id=\"story-d136f95\" class=\"twae-story twae-repeater-item twae-story-right twae-story-no-icon\"><!-- Story Label --><div class=\"twae-labels\"><div class=\"twae-label-big\">1986<\/div><\/div><!-- Story Icon --><div class=\"twae-icon\"><i aria-hidden=\"true\" class=\"far fa-circle\"><\/i><\/div><!-- Story Arrow --><div class=\"twae-arrow\"><\/div><!-- Start of Story Content --><div class=\"twae-content\"><!-- Story Title --><div class=\"twae-title\">Inicia la renovaci\u00f3n del edificio central del Conservatorio de las Rosas<\/div><!-- Story Image --><div class=\"twae-media thumbnail\"><img loading=\"lazy\" decoding=\"async\" width=\"150\" height=\"150\" src=\"https:\/\/www.conservatoriodelasrosas.edu.mx\/Web\/wp-content\/uploads\/2020\/10\/photo5753426327754614739-150x150.jpg\" class=\"attachment-thumbnail size-thumbnail\" alt=\"\" \/><\/div><!-- Story Description --><div class=\"twae-description\"><p style=\"text-align: justify\">La renovaci\u00f3n iniciada en 1986 prosigui\u00f3 con la restauraci\u00f3n del edificio central del Conservatorio, que se encontraba casi por completo inutilizable, sin techos incluso<\/p><\/div><\/div><\/div><!-- Start of Story Repeater Content --><div id=\"story-6f6c510\" class=\"twae-story twae-repeater-item twae-story-left twae-story-no-icon\"><!-- Story Label --><div class=\"twae-labels\"><div class=\"twae-label-big\">1990<\/div><\/div><!-- Story Icon --><div class=\"twae-icon\"><i aria-hidden=\"true\" class=\"far fa-circle\"><\/i><\/div><!-- Story Arrow --><div class=\"twae-arrow\"><\/div><!-- Start of Story Content --><div class=\"twae-content\"><!-- Story Title --><div class=\"twae-title\">Construcci\u00f3n del Campus Carlos Prieto<\/div><!-- Story Image --><div class=\"twae-media thumbnail\"><img loading=\"lazy\" decoding=\"async\" width=\"150\" height=\"150\" src=\"https:\/\/www.conservatoriodelasrosas.edu.mx\/Web\/wp-content\/uploads\/2020\/02\/Campus-Carlos-Prieto-150x150.jpg\" class=\"attachment-thumbnail size-thumbnail\" alt=\"Campus Carlos Prieto\" \/><\/div><!-- Story Description --><div class=\"twae-description\"><p style=\"text-align: justify\">El proyecto de crecimiento m\u00e1s ambicioso de la d\u00e9cada de los 90\u2019s fue la construcci\u00f3n del Campus Carlos Prieto, un moderno edificio dise\u00f1ado por el Arquitecto Jos\u00e9 Moyao.<\/p><\/div><\/div><\/div><!-- Start of Story Repeater Content --><div id=\"story-3307e19\" class=\"twae-story twae-repeater-item twae-story-right twae-story-no-icon\"><!-- Story Label --><div class=\"twae-labels\"><div class=\"twae-label-big\">1994<\/div><\/div><!-- Story Icon --><div class=\"twae-icon\"><i aria-hidden=\"true\" class=\"far fa-circle\"><\/i><\/div><!-- Story Arrow --><div class=\"twae-arrow\"><\/div><!-- Start of Story Content --><div class=\"twae-content\"><!-- Story Title --><div class=\"twae-title\">Conservatorio de las Rosas: instituci\u00f3n de vanguardia en la educaci\u00f3n musical a nivel nacional e internacional<\/div><!-- Story Image --><div class=\"twae-media thumbnail\"><img loading=\"lazy\" decoding=\"async\" width=\"150\" height=\"150\" src=\"https:\/\/www.conservatoriodelasrosas.edu.mx\/Web\/wp-content\/uploads\/2020\/10\/photo5753426327754614743-150x150.jpg\" class=\"attachment-thumbnail size-thumbnail\" alt=\"Conservatorio de las rosas\" \/><\/div><!-- Story Description --><div class=\"twae-description\"><p style=\"text-align: justify\">A partir de 1994 fue transformada radicalmente la planta de maestros, consolidando las diferentes disciplinas musicales.  Ingresaron a la instituci\u00f3n muchos maestros mexicanos y extranjeros.<\/p><\/div><\/div><\/div><!-- Start of Story Repeater Content --><div id=\"story-080b476\" class=\"twae-story twae-repeater-item twae-story-left twae-story-no-icon\"><!-- Story Icon --><div class=\"twae-icon\"><i aria-hidden=\"true\" class=\"far fa-circle\"><\/i><\/div><!-- Story Arrow --><div class=\"twae-arrow\"><\/div><!-- Start of Story Content --><div class=\"twae-content\"><!-- Story Title --><div class=\"twae-title\">Biblioteca especializada en m\u00fasica<\/div><!-- Story Image --><div class=\"twae-media thumbnail\"><img loading=\"lazy\" decoding=\"async\" width=\"150\" height=\"150\" src=\"https:\/\/www.conservatoriodelasrosas.edu.mx\/Web\/wp-content\/uploads\/2020\/01\/Sistema-Escolar-150x150.jpeg\" class=\"attachment-thumbnail size-thumbnail\" alt=\"\" \/><\/div><!-- Story Description --><div class=\"twae-description\"><p style=\"text-align: justify\">Se fund\u00f3 una biblioteca especializada en m\u00fasica, se restaur\u00f3 el edificio colindante al claustro que ampli\u00f3 la capacidad del Conservatorio en un cien por ciento;<\/p><\/div><\/div><\/div><\/div>\n    <div class=\"twae-end\"><\/div>\n    <\/div><style type=\"text\/css\">.elementor-1235 .elementor-element.elementor-element-74893ca7 .twae-wrapper.twae-vertical .twae-story{margin-bottom:60px!important}.elementor-1235 .elementor-element.elementor-element-74893ca7 .twae-wrapper{--tw-cbx-title-color:#338464;}.elementor-1235 .elementor-element.elementor-element-74893ca7 .twae-wrapper{--tw-lbl-big-color:#338464;}.elementor-1235 .elementor-element.elementor-element-74893ca7 .twae-wrapper{--tw-ibx-bg:#338464;}.elementor-1235 .elementor-element.elementor-element-74893ca7 .twae-wrapper{--tw-ybx-text-color:#FFFFFF}.elementor-1235 .elementor-element.elementor-element-74893ca7 .twae-wrapper{--tw-cbx-bg:#F3F3F3}.elementor-1235 .elementor-element.elementor-element-74893ca7 .twae-wrapper{--tw-line-bg:#989494}.elementor-1235 .elementor-element.elementor-element-74893ca7 .twae-description{font-family:Verdana;}@media (max-width: 1024px){ .twae-wrapper{--tw-ybx-size: 80px !important;}}@media (max-width: 767px){ .twae-wrapper{--tw-ybx-size: 80px !important}}<\/style>\t\t\t\t<\/div>\n\t\t\t\t<\/div>\n\t\t\t\t\t<\/div>\n\t\t<\/div>\n\t\t\t\t\t<\/div>\n\t\t<\/section>\n\t\t\t\t<section class=\"elementor-section elementor-top-section elementor-element elementor-element-001e6af elementor-section-boxed elementor-section-height-default elementor-section-height-default\" data-id=\"001e6af\" data-element_type=\"section\" data-e-type=\"section\">\n\t\t\t\t\t\t<div class=\"elementor-container elementor-column-gap-default\">\n\t\t\t\t\t<div class=\"elementor-column elementor-col-100 elementor-top-column elementor-element elementor-element-f2993ef\" data-id=\"f2993ef\" data-element_type=\"column\" data-e-type=\"column\">\n\t\t\t<div class=\"elementor-widget-wrap elementor-element-populated\">\n\t\t\t\t\t\t<div class=\"elementor-element elementor-element-ffea93a elementor-widget elementor-widget-spacer\" data-id=\"ffea93a\" data-element_type=\"widget\" data-e-type=\"widget\" data-widget_type=\"spacer.default\">\n\t\t\t\t<div class=\"elementor-widget-container\">\n\t\t\t\t\t\t\t<div class=\"elementor-spacer\">\n\t\t\t<div class=\"elementor-spacer-inner\"><\/div>\n\t\t<\/div>\n\t\t\t\t\t\t<\/div>\n\t\t\t\t<\/div>\n\t\t\t\t\t<\/div>\n\t\t<\/div>\n\t\t\t\t\t<\/div>\n\t\t<\/section>\n\t\t\t\t<section class=\"elementor-section elementor-top-section elementor-element elementor-element-e313e17 elementor-section-boxed elementor-section-height-default elementor-section-height-default\" data-id=\"e313e17\" data-element_type=\"section\" data-e-type=\"section\">\n\t\t\t\t\t\t<div class=\"elementor-container elementor-column-gap-default\">\n\t\t\t\t\t<div class=\"elementor-column elementor-col-100 elementor-top-column elementor-element elementor-element-25af007\" data-id=\"25af007\" data-element_type=\"column\" data-e-type=\"column\">\n\t\t\t<div class=\"elementor-widget-wrap elementor-element-populated\">\n\t\t\t\t\t\t<div class=\"elementor-element elementor-element-029ee48 elementor-widget elementor-widget-accordion\" data-id=\"029ee48\" data-element_type=\"widget\" data-e-type=\"widget\" data-settings=\"{&quot;_animation&quot;:&quot;none&quot;}\" data-widget_type=\"accordion.default\">\n\t\t\t\t<div class=\"elementor-widget-container\">\n\t\t\t\t\t\t\t<div class=\"elementor-accordion\">\n\t\t\t\t\t\t\t<div class=\"elementor-accordion-item\">\n\t\t\t\t\t<h3 id=\"elementor-tab-title-2741\" class=\"elementor-tab-title\" data-tab=\"1\" role=\"button\" aria-controls=\"elementor-tab-content-2741\" aria-expanded=\"false\">\n\t\t\t\t\t\t\t\t\t\t\t\t\t<span class=\"elementor-accordion-icon elementor-accordion-icon-left\" aria-hidden=\"true\">\n\t\t\t\t\t\t\t\t\t\t\t\t\t\t\t<span class=\"elementor-accordion-icon-closed\"><i class=\"far fa-list-alt\"><\/i><\/span>\n\t\t\t\t\t\t\t\t<span class=\"elementor-accordion-icon-opened\"><i class=\"fas fa-minus\"><\/i><\/span>\n\t\t\t\t\t\t\t\t\t\t\t\t\t\t<\/span>\n\t\t\t\t\t\t\t\t\t\t\t\t<a class=\"elementor-accordion-title\" tabindex=\"0\">Leer m\u00e1s...<\/a>\n\t\t\t\t\t<\/h3>\n\t\t\t\t\t<div id=\"elementor-tab-content-2741\" class=\"elementor-tab-content elementor-clearfix\" data-tab=\"1\" role=\"region\" aria-labelledby=\"elementor-tab-title-2741\"><p>&nbsp;<\/p>\n<h2>Historia del Conservatorio de las Rosas<\/h2>\n\n<p><img loading=\"lazy\" decoding=\"async\" class=\"alignleft wp-image-1506 size-full\" src=\"https:\/\/www.conservatoriodelasrosas.edu.mx\/Web\/wp-content\/uploads\/2019\/12\/conservatorio-de-las-rosas-claustro.jpg\" alt=\"\" width=\"600\" height=\"450\" srcset=\"https:\/\/www.conservatoriodelasrosas.edu.mx\/Web\/wp-content\/uploads\/2019\/12\/conservatorio-de-las-rosas-claustro.jpg 600w, https:\/\/www.conservatoriodelasrosas.edu.mx\/Web\/wp-content\/uploads\/2019\/12\/conservatorio-de-las-rosas-claustro-300x225.jpg 300w\" sizes=\"(max-width: 600px) 100vw, 600px\" \/><\/p>\n<p>En el a\u00f1o de 1743 se fund\u00f3 en la ciudad de Valladolid de Michoac\u00e1n el Colegio de Ni\u00f1as de Santa Rosa de Santa Mar\u00eda, en el mismo edificio que hoy ocupa el Conservatorio de las Rosas. El inmueble hab\u00eda pertenecido anteriormente al Convento dominico de Santa Catalina de Siena, instituci\u00f3n que destacaba en la antigua provincia de Michoac\u00e1n por su intensa actividad musical. El Colegio de Ni\u00f1as tambi\u00e9n se distingui\u00f3 por el papel que en \u00e9l desempe\u00f1aba la ense\u00f1anza de m\u00fasica, por lo que es considerado hoy como el antecedente m\u00e1s remoto del Conservatorio de las Rosas.<\/p>\n<p>El Colegio funcion\u00f3 hasta 1870, cuando fue clausurado definitivamente despu\u00e9s de casi una d\u00e9cada de avatares y cierres parciales. El edificio fue entonces expropiado y destinado a diferentes usos por parte del gobierno. Treinta a\u00f1os despu\u00e9s, en 1904, se inaugur\u00f3 en Morelia, la Escuela de m\u00fasica Sacra San Gregorio Magno, con el objeto de otorgar una formaci\u00f3n profesional a los m\u00fasicos de iglesia. No cont\u00f3 nunca esta escuela con instalaciones apropiadas y su existencia fue ef\u00edmera: fue clausurada junto a otros colegios clericales en 1914. Pero ese mismo a\u00f1o se organiz\u00f3 en la ciudad el Orfe\u00f3n P\u00edo X, que represent\u00f3 la continuidad de la clausurada Escuela, pues a los integrantes del coro se les proporcionaba una cuidada formaci\u00f3n musical.<\/p>\n<p>En 1921 el Orfe\u00f3n se convirti\u00f3 en Escuela Oficial de M\u00fasica Sagrada del Arzobispado de Michoac\u00e1n, donde ya en 1926 se otorgaron los primeros t\u00edtulos de \u201cLicencia de Canto gregoriano\u201d y \u201cMagisterio en Composici\u00f3n\u201d. Entre los disc\u00edpulos titulados en 1927 se encontraba Miguel Bernal Jim\u00e9nez, quien al a\u00f1o siguiente fue enviado a Roma para especializarse en \u00f3rgano y a su regreso ocupar la plaza de maestro de este instrumento. Su regreso signific\u00f3 el inicio de una nueva \u00e9poca en la ense\u00f1anza de la m\u00fasica sacra en Morelia. Entre 1930 y 1934 la Escuela funcion\u00f3 en el edificio de las Rosas, pero fue nuevamente desalojada, por lo que continu\u00f3 su trabajo en locales improvisados. A partir de 1938, ya bajo la direcci\u00f3n art\u00edstica de Miguel Bernal Jim\u00e9nez, se dise\u00f1\u00f3 un nuevo y m\u00e1s ambicioso plan de estudios y la instituci\u00f3n empez\u00f3 a ser considerada como Escuela Superior de M\u00fasica Sagrada y otorgar, adem\u00e1s del \u201cMagisterio en composici\u00f3n\u201d y \u201cLicenciatura en Canto Gregoriano\u201d, la \u201cLicenciatura en \u00d3rgano\u201d.<\/p>\n<p>A partir de 1941 la Escuela se traslad\u00f3 al edificio de las Rosas, pero fue hasta 1950 que, luego de constituida la Asociaci\u00f3n Civil del Conservatorio de las Rosas, el inmueble fue cedido definitivamente a la Escuela, que con el tiempo se ir\u00eda alejando de sus or\u00edgenes eclesi\u00e1sticos y comenzar\u00eda a ser conocida como Conservatorio de las Rosas.<\/p>\n<p>En 1986 El Conservatorio de las Rosas inici\u00f3 una etapa de transformaci\u00f3n radical momento en que fue estructurado, de acuerdo a sus estatutos fundacionales de 1950. Se instaur\u00f3 el Consejo de Asociados (que no hab\u00eda existido despu\u00e9s de la muerte de Miguel Bernal Jim\u00e9nez, en 1956) integrado por distinguidos representantes de la sociedad civil moreliana. Manuel Contreras Reyna ocup\u00f3 entonces la presidencia, y design\u00f3 como director de la escuela a Jes\u00fas Carre\u00f1o, uno de los m\u00e1s notables disc\u00edpulos de Miguel Bernal Jim\u00e9nez. Ese s\u00f3lo hecho fue ya en s\u00ed renovador, ya que implicaba la separaci\u00f3n institucional definitiva entre el Conservatorio y la Iglesia. Durante las \u00faltimas d\u00e9cadas, desde la muerte de Miguel Bernal Jim\u00e9nez, hab\u00eda estado al frente el padre Marcelino Guiza, quien termin\u00f3 su gesti\u00f3n con la designaci\u00f3n del maestro Carre\u00f1o. El padre Guiza logr\u00f3 mantener viva la instituci\u00f3n, enfrentando situaciones de enorme adversidad. Fueron sus colaboradores fundamentales en esa tarea los maestros Gerhart Muench, Bonifacio Rojas y Rub\u00e9n Valencia, entre muchos otros. Sin embargo, el Conservatorio manten\u00eda como misi\u00f3n fundamental formar m\u00fasicos para el servicio religioso, misi\u00f3n que hab\u00eda dejado de tener sentido desde el Concilio Vaticano de 1962, a partir del cual la m\u00fasica fue convertida en un factor secundario en el oficio, y la iglesia dej\u00f3 de requerir m\u00fasicos altamente especializados en disciplinas como el canto gregoriano, la polifon\u00eda vocal cl\u00e1sica o el \u00f3rgano.<\/p>\n<p>La renovaci\u00f3n iniciada en 1986 prosigui\u00f3 con la restauraci\u00f3n del edificio central del Conservatorio, que se encontraba casi por completo inutilizable, sin techos incluso. El nuevo Consejo de Asociados y la comunidad de maestros tomaron conciencia de que era necesaria una transformaci\u00f3n acad\u00e9mica de fondo, que revisara la misi\u00f3n misma de la instituci\u00f3n. Fue a partir de entonces que el Conservatorio se enfoc\u00f3 en la formaci\u00f3n profesional de m\u00fasicos, al margen de todo objetivo religioso. Los maestros Ana Mar\u00eda Mart\u00ednez y Eduardo Montes desempe\u00f1aron un liderazgo definitivo en el proceso. A partir de 1990 ocup\u00f3 la presidencia del Consejo de Asociados el Ing. Miguel Bernal Macouzet, quien dur\u00f3 en el cargo una d\u00e9cada. Fue sucedido por Alfonso Mier, Francisco Johnson y Francisco Bernal Macouzet. A partir del 13 de enero de 2012 lo presidi\u00f3 por primera vez una mujer: la Dra. Carmen Alicia D\u00e1vila, miembro del consejo por m\u00e1s de una d\u00e9cada. Actualmente su Presidente es el C.P. Ricardo Casiano Alba, reconocido contador p\u00fablico, especialista en Auditoria Forense, quien fue electo en Noviembre del 2015, dando inicio a una nueva etapa dentro del Conservatorio de las Rosas, teniendo como principios fundamentales la transparencia y la rendici\u00f3n de cuentas.<\/p>\n<p>En 1992 fue designado director el maestro Eduardo Mata, quien contribuy\u00f3 a dinamizar la renovaci\u00f3n institucional, y a generar un proceso de reinvenci\u00f3n total del proyecto. Le sucedieron Manuel de El\u00edas y Gerardo C\u00e1rdenas. A partir de 1994 fue transformada radicalmente la planta de maestros, consolidando las diferentes disciplinas musicales. Ingresaron a la instituci\u00f3n muchos maestros mexicanos y extranjeros, cuyo trabajo convirti\u00f3 al Conservatorio en poco tiempo en una instituci\u00f3n de vanguardia en la educaci\u00f3n musical a nivel nacional e internacional. Se trataba de un proceso complejo que requer\u00eda no solamente la consolidaci\u00f3n de la planta docente, sino tambi\u00e9n una renovaci\u00f3n total de los planes de estudio. Y todo ello no ten\u00eda sentido sin la construcci\u00f3n de nuevos espacios y su equipamiento. Se fund\u00f3 una biblioteca especializada en m\u00fasica, se restaur\u00f3 el edificio colindante al claustro que ampli\u00f3 la capacidad del Conservatorio en un cien por ciento; as\u00ed mismo, se cre\u00f3 el \u00e1rea de percusiones, con una inversi\u00f3n en equipamiento que coloc\u00f3 a la instituci\u00f3n a la vanguardia en la materia. Poco m\u00e1s tarde, se inici\u00f3 el primer Bachillerato en M\u00fasica y Humanidades del pa\u00eds, dando organicidad a la formaci\u00f3n de los estudiantes desde edades m\u00e1s tempranas. Posteriormente se consolidar\u00eda la Licenciatura en m\u00fasica con m\u00e1s de 20 especialidades.<\/p>\n<p>El proceso de transformaci\u00f3n se complet\u00f3 con la adquisici\u00f3n y restauraci\u00f3n de un nuevo edificio en el complejo del Jard\u00edn de las Rosas, y creando nuevas \u00e1reas de trabajo y una sala audiovisual que permiti\u00f3 multiplicar los recursos de la ense\u00f1anza. Son muchos los maestros que aportan y han aportado sus conocimientos y experiencia al desarrollo instituci\u00f3n<a href=\"https:\/\/www.conservatoriodelasrosas.edu.mx\/Home\/nuestros-catedraticos\/\">.<\/a> Una figura fundamental del crecimiento del Conservatorio es el maestro Carlos Prieto, quien se integr\u00f3 como Presidente de la Fundaci\u00f3n Conservatorio de las Rosas, creada con el prop\u00f3sito de apoyar el desarrollo de la instituci\u00f3n.<\/p>\n<p>El proyecto de crecimiento m\u00e1s ambicioso de la d\u00e9cada de los 90\u2019s fue la construcci\u00f3n del Campus Carlos Prieto, un moderno edificio dise\u00f1ado por el Arquitecto Jos\u00e9 Moyao, que permiti\u00f3 crear los niveles de preescolar y secundaria, completando la oferta educativa, con la primaria Mariano El\u00edzaga, que ya exist\u00eda. El proyecto acad\u00e9mico de los niveles b\u00e1sicos se transform\u00f3 de manera radical para dar paso a un modelo de educaci\u00f3n integral con enfoque humanista, que incluye ciencias sociales, ciencias exactas, tecnolog\u00eda, ingl\u00e9s, deporte, m\u00fasica y artes. El Conservatorio reestructur\u00f3 tambi\u00e9n su organigrama, adoptando una estructura universitaria cuya m\u00e1xima figura es el Rector, con Vicerrectores, Directores de cada nivel y Coordinadores de \u00e1reas. En 2004 el Consejo de Asociados nombra como Rector a Germ\u00e1n Romero, quien hasta entonces se desempe\u00f1aba como coordinador de la c\u00e1tedra de Composici\u00f3n y maestro del Conservatorio. En el a\u00f1o 2009 fue designado como rector el notable compositor Javier \u00c1lvarez, quien aport\u00f3 a la instituci\u00f3n su experiencia en gestiones internacionales y su profundo conocimiento en la ense\u00f1anza de la composici\u00f3n. En 2019 es nombrado Rector el Mtro. Ra\u00fal Olmos, destacado Concertista de Guitarra en festivales internacionales y profesor con amplio curriculum en la administraci\u00f3n p\u00fablica, quien hasta el momento ocupa dicho cargo.<\/p>\n\n<p><!--EndFragment--><\/p>\n\n\n<script> \njQuery(document).ready(function($) { \nvar delay = 100; setTimeout(function() { \n$('.elementor-tab-title').removeClass('elementor-active');\n $('.elementor-tab-content').css('display', 'none'); }, delay); \n}); \n<\/script><\/div>\n\t\t\t\t<\/div>\n\t\t\t\t\t\t\t\t<\/div>\n\t\t\t\t\t\t<\/div>\n\t\t\t\t<\/div>\n\t\t\t\t\t<\/div>\n\t\t<\/div>\n\t\t\t\t\t<\/div>\n\t\t<\/section>\n\t\t\t\t<\/div>\n\t\t","protected":false},"excerpt":{"rendered":"<p>Historia 1743 Se fund\u00f3 el edificio que hoy ocupa el Conservatorio de las Rosas\u200b En el a\u00f1o de 1743 se fund\u00f3 en la ciudad de Valladolid de Michoac\u00e1n el Colegio de Ni\u00f1as de Santa Rosa de Santa Mar\u00eda, en el mismo edificio que hoy ocupa el Conservatorio de las Rosas. 1914 Orfe\u00f3n P\u00edo X En 1914 en la ciudad se organiz\u00f3 el Orfe\u00f3n P\u00edo X,&hellip; <\/p>\n","protected":false},"author":2,"featured_media":1210,"parent":32,"menu_order":0,"comment_status":"closed","ping_status":"closed","template":"","meta":{"footnotes":""},"class_list":["post-1235","page","type-page","status-publish","has-post-thumbnail","hentry","clearfix"],"_links":{"self":[{"href":"https:\/\/www.conservatoriodelasrosas.edu.mx\/Web\/wp-json\/wp\/v2\/pages\/1235","targetHints":{"allow":["GET"]}}],"collection":[{"href":"https:\/\/www.conservatoriodelasrosas.edu.mx\/Web\/wp-json\/wp\/v2\/pages"}],"about":[{"href":"https:\/\/www.conservatoriodelasrosas.edu.mx\/Web\/wp-json\/wp\/v2\/types\/page"}],"author":[{"embeddable":true,"href":"https:\/\/www.conservatoriodelasrosas.edu.mx\/Web\/wp-json\/wp\/v2\/users\/2"}],"replies":[{"embeddable":true,"href":"https:\/\/www.conservatoriodelasrosas.edu.mx\/Web\/wp-json\/wp\/v2\/comments?post=1235"}],"version-history":[{"count":34,"href":"https:\/\/www.conservatoriodelasrosas.edu.mx\/Web\/wp-json\/wp\/v2\/pages\/1235\/revisions"}],"predecessor-version":[{"id":3657,"href":"https:\/\/www.conservatoriodelasrosas.edu.mx\/Web\/wp-json\/wp\/v2\/pages\/1235\/revisions\/3657"}],"up":[{"embeddable":true,"href":"https:\/\/www.conservatoriodelasrosas.edu.mx\/Web\/wp-json\/wp\/v2\/pages\/32"}],"wp:featuredmedia":[{"embeddable":true,"href":"https:\/\/www.conservatoriodelasrosas.edu.mx\/Web\/wp-json\/wp\/v2\/media\/1210"}],"wp:attachment":[{"href":"https:\/\/www.conservatoriodelasrosas.edu.mx\/Web\/wp-json\/wp\/v2\/media?parent=1235"}],"curies":[{"name":"wp","href":"https:\/\/api.w.org\/{rel}","templated":true}]}}