{"id":1719,"date":"2020-01-08T09:57:07","date_gmt":"2020-01-08T15:57:07","guid":{"rendered":"https:\/\/www.conservatoriodelasrosas.edu.mx\/Web\/?page_id=1719"},"modified":"2020-06-02T01:06:20","modified_gmt":"2020-06-02T06:06:20","slug":"ignacio-martinez-madrigal","status":"publish","type":"page","link":"https:\/\/www.conservatoriodelasrosas.edu.mx\/Web\/campus-miguel-bernal\/nuestros-catedraticos\/composicion-2\/ignacio-martinez-madrigal\/","title":{"rendered":"Ignacio Mart\u00ednez Madrigal"},"content":{"rendered":"\t\t<div data-elementor-type=\"wp-page\" data-elementor-id=\"1719\" class=\"elementor elementor-1719\">\n\t\t\t\t\t\t<section class=\"elementor-section elementor-top-section elementor-element elementor-element-3af1501b elementor-section-stretched elementor-section-full_width elementor-section-height-min-height elementor-section-height-default elementor-section-items-middle\" data-id=\"3af1501b\" data-element_type=\"section\" data-e-type=\"section\" data-settings=\"{&quot;stretch_section&quot;:&quot;section-stretched&quot;,&quot;background_background&quot;:&quot;slideshow&quot;,&quot;background_slideshow_gallery&quot;:[{&quot;id&quot;:2040,&quot;url&quot;:&quot;https:\\\/\\\/www.conservatoriodelasrosas.edu.mx\\\/Web\\\/wp-content\\\/uploads\\\/2020\\\/01\\\/Composici\\u00f3n-1.jpg&quot;}],&quot;background_slideshow_loop&quot;:&quot;yes&quot;,&quot;background_slideshow_slide_duration&quot;:5000,&quot;background_slideshow_slide_transition&quot;:&quot;fade&quot;,&quot;background_slideshow_transition_duration&quot;:500}\">\n\t\t\t\t\t\t<div class=\"elementor-container elementor-column-gap-default\">\n\t\t\t\t\t<div class=\"elementor-column elementor-col-100 elementor-top-column elementor-element elementor-element-56c3d36d\" data-id=\"56c3d36d\" data-element_type=\"column\" data-e-type=\"column\">\n\t\t\t<div class=\"elementor-widget-wrap elementor-element-populated\">\n\t\t\t\t\t\t<div class=\"elementor-element elementor-element-3649423b elementor-widget elementor-widget-heading\" data-id=\"3649423b\" data-element_type=\"widget\" data-e-type=\"widget\" data-widget_type=\"heading.default\">\n\t\t\t\t<div class=\"elementor-widget-container\">\n\t\t\t\t\t<h1 class=\"elementor-heading-title elementor-size-xl\">Ignacio Mart\u00ednez Madrigal<\/h1>\t\t\t\t<\/div>\n\t\t\t\t<\/div>\n\t\t\t\t\t<\/div>\n\t\t<\/div>\n\t\t\t\t\t<\/div>\n\t\t<\/section>\n\t\t\t\t<section class=\"elementor-section elementor-top-section elementor-element elementor-element-b01113f elementor-section-stretched elementor-section-full_width elementor-section-height-default elementor-section-height-default\" data-id=\"b01113f\" data-element_type=\"section\" data-e-type=\"section\" data-settings=\"{&quot;stretch_section&quot;:&quot;section-stretched&quot;}\">\n\t\t\t\t\t\t<div class=\"elementor-container elementor-column-gap-default\">\n\t\t\t\t\t<div class=\"elementor-column elementor-col-100 elementor-top-column elementor-element elementor-element-d61559f\" data-id=\"d61559f\" data-element_type=\"column\" data-e-type=\"column\">\n\t\t\t<div class=\"elementor-widget-wrap elementor-element-populated\">\n\t\t\t\t\t\t<section class=\"elementor-section elementor-inner-section elementor-element elementor-element-60725c6d elementor-section-boxed elementor-section-height-default elementor-section-height-default\" data-id=\"60725c6d\" data-element_type=\"section\" data-e-type=\"section\">\n\t\t\t\t\t\t<div class=\"elementor-container elementor-column-gap-default\">\n\t\t\t\t\t<div class=\"elementor-column elementor-col-50 elementor-inner-column elementor-element elementor-element-2165f2a7\" data-id=\"2165f2a7\" data-element_type=\"column\" data-e-type=\"column\">\n\t\t\t<div class=\"elementor-widget-wrap elementor-element-populated\">\n\t\t\t\t\t\t<div class=\"elementor-element elementor-element-106f5047 elementor-widget elementor-widget-text-editor\" data-id=\"106f5047\" data-element_type=\"widget\" data-e-type=\"widget\" data-widget_type=\"text-editor.default\">\n\t\t\t\t<div class=\"elementor-widget-container\">\n\t\t\t\t\t\t\t\t\t<p>Naci\u00f3 en la ciudad de Morelia, Mich., el 31 de julio de 1975.<br \/>Estudi\u00f3 las especialidades de \u201cComposici\u00f3n\u201d y \u201c\u00d3rgano\u201d en el Conservatorio de las Rosas<br \/>entre 1988 y 1998. Como organista ha desempe\u00f1ado una trayectoria como concertista y<br \/>m\u00fasico de iglesia durante m\u00e1s de veinte a\u00f1os habiendo tocado en Festivales como el<br \/>Internacional de \u00d3rgano \u201cAlfonso Vega N\u00fa\u00f1ez\u201d en dos ocasiones y en el Festival de \u00d3rgano<br \/>de la Catedral de Morelia y realizando presentaciones en M\u00e9xico y el extranjero. Como<br \/>compositor ha realizado estrenos de obras de c\u00e1mara, obras para \u00f3rgano y diversos<br \/>instrumentos solistas, obras sinf\u00f3nicas, etc., desde 1995 hasta la fecha. Tambi\u00e9n ha<br \/>realizado una labor destacada entre la m\u00fasica y la poes\u00eda, as\u00ed como con diversos aspectos<br \/>literarios habiendo estrenado desde 2010 ya hasta el d\u00eda de hoy varias obras tanto sinf\u00f3nicas<br \/>como de c\u00e1mara. As\u00ed mismo, en 2014 compuso por encargo una serie de obras para guitarra<br \/>sola sobre textos del historiador michoacano Eduardo Ru\u00edz. Ha publicado en diversas<br \/>ocasiones en la Revista Pauta y varios medios m\u00e1s. Ha participado en diversos festivales y<br \/>foros de m\u00fasica y arte en M\u00e9xico y el extranjero tales como el Festival Internacional<br \/>Cervantino (2010), Asociaci\u00f3n Cultural \u201cCafuso\u201d (Colombia, 2015), el Festival de M\u00fasica de<br \/>Morelia (2016) \u201cMiguel Bernal Jim\u00e9nez\u201d (M\u00e9xico) donde estren\u00f3 \u201c\u00d3palos\u201d concierto para<br \/>fagot y Orquesta, el Festival Internacional de M\u00fasica de Contempor\u00e1nea \u201cLontano\u201d (Brasil,<br \/>2017) donde se le encarg\u00f3 y se estren\u00f3 \u201cDibujos sobre un puerto\u201d obra para guitarra y<br \/>ensamble sobre textos del poeta Jos\u00e9 Gorostiza., el Encuentro Internacional de Saxofones de<br \/>Montevideo (Uruguay, 2017) estreno de \u201cH.Tempo.H.Morte\u201d para saxof\u00f3n soprano y flauta,<br \/>en el Latin American Music Center de la Universidad de la Universidad de Indiana (E. U.)<br \/>donde se interpret\u00f3 \u201cD\u00edptico para Jes\u00fas Escalera\u201d, en el Teatro Nacional \u201cClaudio Santoro\u201d<br \/>de Brasilia (Brasil) estreno mundial de \u201cTres Movimientos Concertantes\u201d para saxof\u00f3n<br \/>soprano y orquesta. Recientemente, en el mes de marzo de 2019, se realizo la interpretaci\u00f3n<br \/>de los \u201cTres Movimientos Concertantes\u201d para saxof\u00f3n soprano y orquesta con la Orquesta<br \/>Sinf\u00f3nica del Conservatorio de Rouen, Francia bajo la direcci\u00f3n de Claude Brendel y Carlos<br \/>Gontijo al saxof\u00f3n. Tambi\u00e9n ha participado el Foro Internacional de M\u00fasica Nueva \u201cManuel<br \/>Enr\u00edquez\u201d (2015, 2017) con dos estrenos \u201cVariaciones Paransit\u00e9ticas\u201d (viol\u00edn violonchelo y<br \/>piano) y \u201cMemorias\u201d Concertino para Trompeta y Orquesta de Cuerdas. Actualmente se<br \/>desempe\u00f1a como profesor del Conservatorio de las Rosas de Morelia donde imparte clases de<br \/>\u201cComposici\u00f3n\u201d, \u201cOrquestaci\u00f3n\u201d y donde recientemente se la ha nombrado Director de<br \/>Estudios Superiores.<\/p>\t\t\t\t\t\t\t\t<\/div>\n\t\t\t\t<\/div>\n\t\t\t\t\t<\/div>\n\t\t<\/div>\n\t\t\t\t<div class=\"elementor-column elementor-col-50 elementor-inner-column elementor-element elementor-element-2bffd72d\" data-id=\"2bffd72d\" data-element_type=\"column\" data-e-type=\"column\">\n\t\t\t<div class=\"elementor-widget-wrap elementor-element-populated\">\n\t\t\t\t\t\t<div class=\"elementor-element elementor-element-5c3e9347 elementor-widget elementor-widget-image\" data-id=\"5c3e9347\" data-element_type=\"widget\" data-e-type=\"widget\" data-widget_type=\"image.default\">\n\t\t\t\t<div class=\"elementor-widget-container\">\n\t\t\t\t\t\t\t\t\t\t\t\t\t\t\t\t<a href=\"https:\/\/www.conservatoriodelasrosas.edu.mx\/Web\/wp-content\/uploads\/2020\/01\/Ignacio-Mart\u00ednez-Madrigal-1-scaled.jpg\" data-elementor-open-lightbox=\"yes\" data-elementor-lightbox-title=\"Exif_JPEG_420\" data-e-action-hash=\"#elementor-action%3Aaction%3Dlightbox%26settings%3DeyJpZCI6MjAyMSwidXJsIjoiaHR0cHM6XC9cL3d3dy5jb25zZXJ2YXRvcmlvZGVsYXNyb3Nhcy5lZHUubXhcL1dlYlwvd3AtY29udGVudFwvdXBsb2Fkc1wvMjAyMFwvMDFcL0lnbmFjaW8tTWFydFx1MDBlZG5lei1NYWRyaWdhbC0xLXNjYWxlZC5qcGcifQ%3D%3D\">\n\t\t\t\t\t\t\t<img fetchpriority=\"high\" decoding=\"async\" width=\"768\" height=\"1024\" src=\"https:\/\/www.conservatoriodelasrosas.edu.mx\/Web\/wp-content\/uploads\/2020\/01\/Ignacio-Mart\u00ednez-Madrigal-1-768x1024.jpg\" class=\"attachment-large size-large wp-image-2021\" alt=\"\" srcset=\"https:\/\/www.conservatoriodelasrosas.edu.mx\/Web\/wp-content\/uploads\/2020\/01\/Ignacio-Mart\u00ednez-Madrigal-1-768x1024.jpg 768w, https:\/\/www.conservatoriodelasrosas.edu.mx\/Web\/wp-content\/uploads\/2020\/01\/Ignacio-Mart\u00ednez-Madrigal-1-225x300.jpg 225w, https:\/\/www.conservatoriodelasrosas.edu.mx\/Web\/wp-content\/uploads\/2020\/01\/Ignacio-Mart\u00ednez-Madrigal-1-1152x1536.jpg 1152w, https:\/\/www.conservatoriodelasrosas.edu.mx\/Web\/wp-content\/uploads\/2020\/01\/Ignacio-Mart\u00ednez-Madrigal-1-1536x2048.jpg 1536w, https:\/\/www.conservatoriodelasrosas.edu.mx\/Web\/wp-content\/uploads\/2020\/01\/Ignacio-Mart\u00ednez-Madrigal-1-scaled.jpg 1920w\" sizes=\"(max-width: 768px) 100vw, 768px\" \/>\t\t\t\t\t\t\t\t<\/a>\n\t\t\t\t\t\t\t\t\t\t\t\t\t\t\t<\/div>\n\t\t\t\t<\/div>\n\t\t\t\t\t<\/div>\n\t\t<\/div>\n\t\t\t\t\t<\/div>\n\t\t<\/section>\n\t\t\t\t\t<\/div>\n\t\t<\/div>\n\t\t\t\t\t<\/div>\n\t\t<\/section>\n\t\t\t\t<\/div>\n\t\t","protected":false},"excerpt":{"rendered":"<p>Ignacio Mart\u00ednez Madrigal Naci\u00f3 en la ciudad de Morelia, Mich., el 31 de julio de 1975.Estudi\u00f3 las especialidades de \u201cComposici\u00f3n\u201d y \u201c\u00d3rgano\u201d en el Conservatorio de las Rosasentre 1988 y 1998. Como organista ha desempe\u00f1ado una trayectoria como concertista ym\u00fasico de iglesia durante m\u00e1s de veinte a\u00f1os habiendo tocado en Festivales como elInternacional de \u00d3rgano \u201cAlfonso Vega N\u00fa\u00f1ez\u201d en dos ocasiones y en el Festival&hellip; <\/p>\n","protected":false},"author":2,"featured_media":0,"parent":1509,"menu_order":0,"comment_status":"closed","ping_status":"closed","template":"","meta":{"footnotes":""},"class_list":["post-1719","page","type-page","status-publish","hentry","clearfix"],"_links":{"self":[{"href":"https:\/\/www.conservatoriodelasrosas.edu.mx\/Web\/wp-json\/wp\/v2\/pages\/1719","targetHints":{"allow":["GET"]}}],"collection":[{"href":"https:\/\/www.conservatoriodelasrosas.edu.mx\/Web\/wp-json\/wp\/v2\/pages"}],"about":[{"href":"https:\/\/www.conservatoriodelasrosas.edu.mx\/Web\/wp-json\/wp\/v2\/types\/page"}],"author":[{"embeddable":true,"href":"https:\/\/www.conservatoriodelasrosas.edu.mx\/Web\/wp-json\/wp\/v2\/users\/2"}],"replies":[{"embeddable":true,"href":"https:\/\/www.conservatoriodelasrosas.edu.mx\/Web\/wp-json\/wp\/v2\/comments?post=1719"}],"version-history":[{"count":6,"href":"https:\/\/www.conservatoriodelasrosas.edu.mx\/Web\/wp-json\/wp\/v2\/pages\/1719\/revisions"}],"predecessor-version":[{"id":2054,"href":"https:\/\/www.conservatoriodelasrosas.edu.mx\/Web\/wp-json\/wp\/v2\/pages\/1719\/revisions\/2054"}],"up":[{"embeddable":true,"href":"https:\/\/www.conservatoriodelasrosas.edu.mx\/Web\/wp-json\/wp\/v2\/pages\/1509"}],"wp:attachment":[{"href":"https:\/\/www.conservatoriodelasrosas.edu.mx\/Web\/wp-json\/wp\/v2\/media?parent=1719"}],"curies":[{"name":"wp","href":"https:\/\/api.w.org\/{rel}","templated":true}]}}