{"id":2729,"date":"2020-03-11T10:19:43","date_gmt":"2020-03-11T16:19:43","guid":{"rendered":"https:\/\/www.conservatoriodelasrosas.edu.mx\/Web\/?page_id=2729"},"modified":"2021-05-28T13:00:38","modified_gmt":"2021-05-28T18:00:38","slug":"exalumnos","status":"publish","type":"page","link":"https:\/\/www.conservatoriodelasrosas.edu.mx\/Web\/campus-miguel-bernal\/exalumnos\/","title":{"rendered":"Exalumnos"},"content":{"rendered":"\t\t<div data-elementor-type=\"wp-page\" data-elementor-id=\"2729\" class=\"elementor elementor-2729\">\n\t\t\t\t\t\t<section class=\"elementor-section elementor-top-section elementor-element elementor-element-f85433e elementor-section-stretched elementor-section-full_width elementor-section-height-min-height elementor-section-height-default elementor-section-items-middle\" data-id=\"f85433e\" data-element_type=\"section\" data-e-type=\"section\" data-settings=\"{&quot;stretch_section&quot;:&quot;section-stretched&quot;,&quot;background_background&quot;:&quot;slideshow&quot;,&quot;background_slideshow_gallery&quot;:[{&quot;id&quot;:2732,&quot;url&quot;:&quot;https:\\\/\\\/www.conservatoriodelasrosas.edu.mx\\\/Web\\\/wp-content\\\/uploads\\\/2020\\\/03\\\/Claustro.jpg&quot;}],&quot;background_slideshow_loop&quot;:&quot;yes&quot;,&quot;background_slideshow_slide_duration&quot;:5000,&quot;background_slideshow_slide_transition&quot;:&quot;fade&quot;,&quot;background_slideshow_transition_duration&quot;:500}\">\n\t\t\t\t\t\t<div class=\"elementor-container elementor-column-gap-default\">\n\t\t\t\t\t<div class=\"elementor-column elementor-col-100 elementor-top-column elementor-element elementor-element-4b1e980\" data-id=\"4b1e980\" data-element_type=\"column\" data-e-type=\"column\">\n\t\t\t<div class=\"elementor-widget-wrap elementor-element-populated\">\n\t\t\t\t\t\t<div class=\"elementor-element elementor-element-5abdf89 elementor-widget elementor-widget-heading\" data-id=\"5abdf89\" data-element_type=\"widget\" data-e-type=\"widget\" data-widget_type=\"heading.default\">\n\t\t\t\t<div class=\"elementor-widget-container\">\n\t\t\t\t\t<h1 class=\"elementor-heading-title elementor-size-xl\">Exalumnos<\/h1>\t\t\t\t<\/div>\n\t\t\t\t<\/div>\n\t\t\t\t\t<\/div>\n\t\t<\/div>\n\t\t\t\t\t<\/div>\n\t\t<\/section>\n\t\t\t\t<section class=\"elementor-section elementor-top-section elementor-element elementor-element-a95179f elementor-section-boxed elementor-section-height-default elementor-section-height-default\" data-id=\"a95179f\" data-element_type=\"section\" data-e-type=\"section\">\n\t\t\t\t\t\t<div class=\"elementor-container elementor-column-gap-default\">\n\t\t\t\t\t<div class=\"elementor-column elementor-col-100 elementor-top-column elementor-element elementor-element-e1ab0c0\" data-id=\"e1ab0c0\" data-element_type=\"column\" data-e-type=\"column\">\n\t\t\t<div class=\"elementor-widget-wrap elementor-element-populated\">\n\t\t\t\t\t\t<div class=\"elementor-element elementor-element-306c67f elementor-widget elementor-widget-heading\" data-id=\"306c67f\" data-element_type=\"widget\" data-e-type=\"widget\" data-widget_type=\"heading.default\">\n\t\t\t\t<div class=\"elementor-widget-container\">\n\t\t\t\t\t<h2 class=\"elementor-heading-title elementor-size-default\">Exalumnos del Conservatorio que se destacan en diferentes lugares de M\u00e9xico y el mundo<\/h2>\t\t\t\t<\/div>\n\t\t\t\t<\/div>\n\t\t\t\t\t<\/div>\n\t\t<\/div>\n\t\t\t\t\t<\/div>\n\t\t<\/section>\n\t\t\t\t<section class=\"elementor-section elementor-top-section elementor-element elementor-element-3383be1 elementor-section-stretched elementor-section-full_width elementor-section-height-default elementor-section-height-default\" data-id=\"3383be1\" data-element_type=\"section\" data-e-type=\"section\" data-settings=\"{&quot;stretch_section&quot;:&quot;section-stretched&quot;}\">\n\t\t\t\t\t\t<div class=\"elementor-container elementor-column-gap-default\">\n\t\t\t\t\t<div class=\"elementor-column elementor-col-100 elementor-top-column elementor-element elementor-element-c3cdc30\" data-id=\"c3cdc30\" data-element_type=\"column\" data-e-type=\"column\">\n\t\t\t<div class=\"elementor-widget-wrap elementor-element-populated\">\n\t\t\t\t\t\t<div class=\"elementor-element elementor-element-07d714e elementor-tabs-view-horizontal elementor-widget elementor-widget-tabs\" data-id=\"07d714e\" data-element_type=\"widget\" data-e-type=\"widget\" data-widget_type=\"tabs.default\">\n\t\t\t\t<div class=\"elementor-widget-container\">\n\t\t\t\t\t\t\t<div class=\"elementor-tabs\">\n\t\t\t<div class=\"elementor-tabs-wrapper\" role=\"tablist\" >\n\t\t\t\t\t\t\t\t\t<div id=\"elementor-tab-title-8221\" class=\"elementor-tab-title elementor-tab-desktop-title\" aria-selected=\"true\" data-tab=\"1\" role=\"tab\" tabindex=\"0\" aria-controls=\"elementor-tab-content-8221\" aria-expanded=\"false\">AM\u00c9RICA<\/div>\n\t\t\t\t\t\t\t\t\t<div id=\"elementor-tab-title-8222\" class=\"elementor-tab-title elementor-tab-desktop-title\" aria-selected=\"false\" data-tab=\"2\" role=\"tab\" tabindex=\"-1\" aria-controls=\"elementor-tab-content-8222\" aria-expanded=\"false\">EUROPA<\/div>\n\t\t\t\t\t\t\t\t\t<div id=\"elementor-tab-title-8223\" class=\"elementor-tab-title elementor-tab-desktop-title\" aria-selected=\"false\" data-tab=\"3\" role=\"tab\" tabindex=\"-1\" aria-controls=\"elementor-tab-content-8223\" aria-expanded=\"false\">ASIA, MEDIO ORIENTE<\/div>\n\t\t\t\t\t\t\t<\/div>\n\t\t\t<div class=\"elementor-tabs-content-wrapper\" role=\"tablist\" aria-orientation=\"vertical\">\n\t\t\t\t\t\t\t\t\t<div class=\"elementor-tab-title elementor-tab-mobile-title\" aria-selected=\"true\" data-tab=\"1\" role=\"tab\" tabindex=\"0\" aria-controls=\"elementor-tab-content-8221\" aria-expanded=\"false\">AM\u00c9RICA<\/div>\n\t\t\t\t\t<div id=\"elementor-tab-content-8221\" class=\"elementor-tab-content elementor-clearfix\" data-tab=\"1\" role=\"tabpanel\" aria-labelledby=\"elementor-tab-title-8221\" tabindex=\"0\" hidden=\"false\"><p><b>ESTADOS UNIDOS: <\/b><\/p>\n<ul style=\"font-family: Roboto, sans-serif; font-size: 15px; font-style: normal;\">\n<li style=\"font-size: 15px;\">\n<p style=\"text-align: justify;\"><span style=\"font-size: 12pt; line-height: 107%;\"><b>Roberto Vizca\u00edno JR<\/b> (percusi\u00f3n).<\/span><\/p>\n<\/li>\n<li style=\"font-size: 15px;\">\n<p style=\"text-align: justify;\"><span style=\"font-size: 12pt; color: var( --e-global-color-text );\"><b>V\u00edctor Hern\u00e1ndez<\/b> (composici\u00f3n).<\/span><\/p>\n<\/li>\n<\/ul>\n<ul>\n<li><b>Jos\u00e9 Luis Hurtado<\/b> (piano, composici\u00f3n). Informaci\u00f3n en:<br><a href=\"http:\/\/www.denudatioperfecta.sandrapani.com\/denudatio\/denudatioperfecta\/denudatio-esp\/page\/cv7.html\" target=\"_blank\" rel=\"noopener\">http:\/\/www.denudatioperfecta.sandrapani.com\/denudatio\/denudatioperfecta\/denudatio-esp\/page\/cv7.html<\/a><\/li>\n<\/ul>\n<ul>\n<li><b>Ahmed Anzald\u00faa<\/b> (piano). Informaci\u00f3n en:<a href=\"http:\/\/ahmedanzaldua.com\/, https:\/\/bordercrossingmn.org\/\" target=\"_blank\" rel=\"noopener\">&nbsp;http:\/\/ahmedanzaldua.com\/https:\/\/bordercrossingmn.org\/ <\/a><\/li>\n<\/ul>\n<ul>\n<li><b>Jorge Mart\u00ednez R\u00edos<\/b>, Maestr\u00eda en Kent State University School of Music. Es profesor en New Mexico State University. Miembro fundador de La Catrina Quartet:&nbsp;<a href=\"https:\/\/www.facebook.com\/lacatrinaquartet\/\">https:\/\/www.facebook.com\/lacatrinaquartet\/<\/a>&nbsp; (originalmente todos sus integrantes fueron alumnos del Conservatorio).<\/li>\n<\/ul>\n<ul>\n<li><b>Wilfrido Terrazas<\/b> (flauta) Profesor en University of California, San Diego. Pertenece a Generaci\u00f3n Espont\u00e1nea.<\/li>\n<\/ul>\n<ul>\n<li><b>Iv\u00e1n Naranjo<\/b> (composici\u00f3n) Maestr\u00eda en M\u00fasica Experimental por Wesleyan University, y Doctorado en Composici\u00f3n por Stanford University.<\/li>\n<\/ul>\n<ul>\n<li><b>Julieta Garc\u00eda Reyes <\/b>(canto) (solo bachillerato) Graduate Research Assistant-Institute for Music Research en UTSA Department of Music.<\/li>\n<\/ul>\n<ul>\n<li><b>Yumhali Garc\u00eda<\/b> (violin) Estudi\u00f3 en Western Michigan University.<\/li>\n<\/ul>\n<ul>\n<li><b>Sara\u00ed Aboites<\/b> (viola) Maestr\u00eda en Michigan State University.<\/li>\n<\/ul>\n<ul>\n<li><b>Pedro Dami\u00e1n Mart\u00ednez<\/b> (piano). Estudi\u00f3 en Kent State University. Trabaja en Camerata San Luis.<\/li>\n<\/ul>\n<ul>\n<li><b>Carlos Mel\u00e9ndez<\/b> (piano) (solo bachillerato). Estudi\u00f3 Recording Engineering en Full Sail University.<\/li>\n<\/ul>\n<ul>\n<li><b>Alba Gonz\u00e1lez<\/b> (canto) (solo bachillerato) Directora de m\u00fasica de St. Helena High School, California.<\/li>\n<\/ul>\n<ul>\n<li><b>Alejandro Basulto<\/b> (composici\u00f3n) Termin\u00f3 Maestr\u00eda en Composici\u00f3n de bandas sonoras y m\u00fasica para medio audiovisuales en ESMUC de Catalunya y Maestr\u00eda en Composici\u00f3n Musical en University of Houston Moores School of Music. Estudia Doctorado en Direcci\u00f3n de orquesta en la propia Universidad.<\/li>\n<\/ul>\n<ul>\n<li><b>Luis Esteban Cruzaley<\/b> (piano) Estudi\u00f3 Maestr\u00eda en Universidad de Chicago. Actualmente estudia otra maestr\u00eda en (creo) la Escuela Superior de M\u00fasica Reina Sof\u00eda, Madrid.<\/li>\n<\/ul>\n<div>&nbsp;<\/div>\n<div>&nbsp;<\/div>\n<div>\n<p><b>M\u00c9XICO<\/b><\/p>\n<ul style=\"font-family: Roboto, sans-serif; font-size: 15px; font-style: normal;\">\n<li style=\"font-size: 15px;\">\n<p style=\"text-align: justify;\"><b>Daniel Olmos Vega<\/b> (guitarra). Director art\u00edstico del Festival Internacional de guitarra, ha ofrecido conciertos y obtenido premios nacionales e internacionales.&nbsp;<\/p>\n<\/li>\n<\/ul>\n<ul>\n<li><b>Gabriel M\u00e9ndez Alarc\u00f3n<\/b> (guitarra), integrante del D\u00fao de Guitarras Revueltas. Maestr\u00eda: Interpretaci\u00f3n Musical en el Instituto Musical Luigi Boccherini, en Lucca, Italia.&nbsp; Actualmente se desempe\u00f1a como profesor a nivel profesional en la Escuela Superior de M\u00fasica de la Universidad Ju\u00e1rez del Estado de Durango, M\u00e9xico.\n<p><\/p>\n<\/li>\n<li><b>V\u00edctor Garc\u00eda Pichardo<\/b> (composici\u00f3n) Tijuana. Hace poco se titul\u00f3 por la opci\u00f3n de Trayectoria Art\u00edstica. Ah\u00ed est\u00e1n sus datos.\n<p><\/p>\n<\/li>\n<li><b>Eduardo Cota<\/b> (piano) Maestr\u00eda en Direcci\u00f3n Coral en Universidad Veracruzana, director de Estudio Coral Xalapa.<\/li>\n<li style=\"list-style-type: none;\">&nbsp;<\/li>\n<\/ul>\n<ul>\n<li><b>Gustavo Ramos<\/b> (percusiones) Timbalista en Orquesta Sinf\u00f3nica de la UANL, Director acad\u00e9mico en Escuela de Artes Musicales (Monterrey) y de Orquesta Sinf\u00f3nica Juvenil de Nuevo Le\u00f3n.<\/li>\n<\/ul>\n<ul>\n<li><b>Natalia Arroyo<\/b> (viol\u00edn) (solo Bachillerato) intensa actividad en la m\u00fasica tradicional mexicana como violinista y compositora.<\/li>\n<\/ul>\n<ul>\n<li><b>Nonis Prado<\/b> (composici\u00f3n) Termin\u00f3 Maestr\u00eda en Composici\u00f3n, UNAM.<\/li>\n<\/ul>\n<ul>\n<li><b>Rom\u00e1n Pav\u00f3n<\/b> (viol\u00edn) Concertino en Orquesta Sinf\u00f3nica de Aguascalientes.<\/li>\n<\/ul>\n<ul>\n<li><b>Dami\u00e1n B\u00e1ez<\/b> (composici\u00f3n). Doctorado en UNAM.<\/li>\n<\/ul>\n<ul>\n<li><b>Heriberto Cruz<\/b> (piano) Estudia doctorado en Musicolog\u00eda en la UNAM.<\/li>\n<\/ul>\n<ul>\n<li><b>Jos\u00e9 Luis Herrera<\/b> (cello) Profesor en Universidad Aut\u00f3noma de Zacatecas.<\/li>\n<\/ul>\n<ul>\n<li><b>Jaime Castro <\/b>(canto) Director coral en Teatro del Bicentenario, Le\u00f3n, Guanajuato.<\/li>\n<\/ul>\n<ul>\n<li><b>Erick Quijada<\/b> (guitarra) (solo bachillerato) Profesor en Universidad de Sonora<\/li>\n<\/ul>\n<ul>\n<li><b>Ernesto Garc\u00eda Velasco <\/b>(Direcci\u00f3n Coral) Director del Coro Suzuki M\u00e9xico y Director de Ni\u00f1os Cantores de Tepozotl\u00e1n.<\/li>\n<\/ul>\n<ul>\n<li><b>Gladys Andrea Zamora<\/b> (musicolog\u00eda) Termin\u00f3 Maestr\u00eda y estudia Doctorado en UNAM.<\/li>\n<\/ul>\n<ul>\n<li><b>Violeta Carvajal <\/b>(musicolog\u00eda) Termin\u00f3 Doctorado en Colegio de Michoac\u00e1n.<\/li>\n<\/ul>\n<ul>\n<li><b>Edgar Villalva <\/b>(canto) Premios en concursos de canto (incluye internacionales)<\/li>\n<\/ul>\n<ul>\n<li><b>Ismael Estevan\u00e9<\/b> (viol\u00edn) Concertino de la Camerata de Coahuila. Se presenta como solista con orquestas del norte del pa\u00eds.<\/li>\n<\/ul>\n<ul>\n<li><b>Samuel Cedillo<\/b> (composici\u00f3n) Profesor en la Universidad Intercultura Ind\u00edgena de Michoac\u00e1n y del Conservatorio P&#8217;urh\u00e9pecha<br><a href=\"http:\/\/musiki.org.ar\/Samuel_Cedillo\" target=\"_blank\" rel=\"noopener\">http:\/\/musiki.org.ar\/Samuel_Cedillo<\/a><\/li>\n<\/ul>\n<ul>\n<li><b>Sergio Ju\u00e1rez <\/b>(piano) Fue durante a\u00f1os Director del \u00c1rea de M\u00fasica en Centro de las Artes de San Luis Potos\u00ed.<\/li>\n<\/ul>\n<ul>\n<li><b>Katia Ruelas<\/b> (viola) Co-Principal Viola en Orquesta Sinf\u00f3nica de Xalapa.<\/li>\n<\/ul>\n<ul>\n<li><b>Jes\u00fas Cornejo<\/b> (guitarra) (solo bachillerato) Destacado fot\u00f3grafo de arte especializado en m\u00fasica y m\u00fasicos. <a href=\"https:\/\/mexico.quadratin.com.mx\/Jesus-Cornejo-la-magia-de-un-retratista\/\" target=\"_blank\" rel=\"noopener\">https:\/\/mexico.quadratin.com.mx\/Jesus-Cornejo-la-magia-de-un-retratista\/<\/a><\/li>\n<\/ul>\n<div>&nbsp;<\/div>\n<div><b>CUBA<\/b><\/div>\n<div>\n<ul style=\"font-family: Roboto, sans-serif; font-size: 15px; font-style: normal;\">\n<li style=\"font-size: 15px;\">\n<p style=\"text-align: justify;\"><b>Alejandro Juli\u00e1n P\u00e9rez<\/b> (Direcci\u00f3n coral),<b style=\"font-weight: 400;\">&nbsp;<\/b>Director invitado permanente la Orquesta sinf\u00f3nica de Santiago de Cuba, ha dirigido orquestas en diferentes ciudades de cuba como: Villa Clara, Holgu\u00edn, Matanzas, Camaguey y la Habana.<b style=\"font-weight: 400;\"><\/b><\/p>\n<\/li>\n<\/ul>\n<\/div>\n<\/div><\/div>\n\t\t\t\t\t\t\t\t\t<div class=\"elementor-tab-title elementor-tab-mobile-title\" aria-selected=\"false\" data-tab=\"2\" role=\"tab\" tabindex=\"-1\" aria-controls=\"elementor-tab-content-8222\" aria-expanded=\"false\">EUROPA<\/div>\n\t\t\t\t\t<div id=\"elementor-tab-content-8222\" class=\"elementor-tab-content elementor-clearfix\" data-tab=\"2\" role=\"tabpanel\" aria-labelledby=\"elementor-tab-title-8222\" tabindex=\"0\" hidden=\"hidden\"><ul>\n<li style=\"font-size: 15px;\">\n<p style=\"font-size: 15px; text-align: justify;\"><b>Juan Carlos Navarro<\/b> (canto),&nbsp;Ha ofrecido recitales en M\u00e9xico y Europa, actualmente es integrante de la Opera de Dresden ,Alemania.<\/p>\n<\/li>\n<li style=\"font-size: 15px;\">\n<p style=\"text-align: justify;\"><span style=\"font-size: 12pt; line-height: 107%;\"><b>Dar\u00edo Portillo<\/b> (flauta),&nbsp;<\/span>Integrante de la orquesta de Alemania.<\/p>\n<\/li>\n<li style=\"font-size: 15px;\">\n<p style=\"text-align: justify;\"><b>Zayra Ruiz<\/b> (mezzosoprano)<b>,&nbsp;<\/b>Ganadora de concursos en Espa\u00f1a, ha ofrecido recitales como solista y con orquestas de c\u00e1mara y sinf\u00f3nicas.<b><\/b><\/p>\n<\/li>\n<li><b>Rosal\u00eda Soria<\/b> (composici\u00f3n) Doctorado en The University of Manchester, UK.<\/li>\n<\/ul>\n<ul>\n<li><b>Miguel \u00c1ngel Ortiz<\/b> (composici\u00f3n) Estudi\u00f3 Maestr\u00eda y Doctorado en Arte Sonoro en la Queen\u00b4s University, Belfast. Actualmente es profesor en la propia instituci\u00f3n.<\/li>\n<\/ul>\n<ul>\n<li><b>Ricardo Al\u00ed Alvarez<\/b> (piano) Doctorado en Hoschule f\u00fcr Musik, Theater und Medien Hannover. Profesor en Escuela Superior de M\u00fasica Reina Sof\u00eda, Madrid. Hannia Alvarez (piano) Estudia Maestr\u00eda en Z\u00fcrcher Hochschule der K\u00fcnste ZHdK, Z\u00fcrich, Suiza.<\/li>\n<\/ul>\n<ul>\n<li><b>Germ\u00e1n Olvera<\/b> (canto) (solo Bachillerato) Gran carrera oper\u00edstica en Europa <a href=\"https:\/\/www.operabase.com\/artists\/german-olvera-21726\/es\" target=\"_blank\" rel=\"noopener\">https:\/\/www.operabase.com\/artists\/german-olvera-21726\/es<\/a><\/li>\n<\/ul>\n<ul>\n<li><b>Jos\u00e9 Mar\u00eda Obeso<\/b> (guitarra) Maestr\u00eda en Universit\u00e4t f\u00fcr Musik und darstellende Kunst Graz.Trabaja en Musikschule Gleisdorf, Austria<\/li>\n<\/ul>\n<ul>\n<li><b>Carlos Cant\u00fa<\/b> (cello) Maestr\u00eda en Musicolog\u00eda, Educaci\u00f3n Musical e Interpretaci\u00f3n de la M\u00fasica Antigua, Barcelona.<\/li>\n<\/ul>\n<ul>\n<li>&nbsp;<b>Daniela Galv\u00e1n<\/b> (saxof\u00f3n) (solo bachillerato) Estudios en Real Conservatorio Superior de M\u00fasica de Madrid.<\/li>\n<\/ul>\n<ul>\n<li><b>Maribel Su\u00e1rez<\/b> (fagot) (solo bachillerato) Estudi\u00f3 licenciatura en UNAM, y maestr\u00eda en MUK &#8211; Musik und Kunst Privatuniversit\u00e4t der Stadt Wien, Austria. Trabaja en Escuela Superior de M\u00fasica, Ciudad de M\u00e9xico.<\/li>\n<\/ul>\n<ul>\n<li><b>&nbsp;Daniel Torres<\/b> (piano) (solo bachillerato). Estudia en The Fryderyk Chopin University of Music.<\/li>\n<\/ul>\n<ul>\n<li><b>H\u00e9ctor Cruz Cardoso<\/b> (guitarra) Termin\u00f3 Maestr\u00eda en Istituto Superiore di Studi Musicali &#8220;L.Boccherini&#8221;, Lucca, Italia. Premio en concursos de guitarra.<\/li>\n<\/ul>\n<ul>\n<li>&nbsp;<b>Valeria Sistos <\/b>(viol\u00edn) Estudia en Hochschule f\u00fcr Musik und Theater \u201cFelix Mendelssohn Bartholdy\u201d, Leipzig.<\/li>\n<\/ul>\n<ul>\n<li><b>Marcela Gonz\u00e1lez<\/b> (guitarra) Termin\u00f3 maestr\u00eda en Conservatorio Superior de M\u00fasica del Liceu de Barcelona. Actualmente dirige un proyecto comunitario (muy interesante) en Oaxaca.<\/li>\n<\/ul>\n<ul>\n<li><b>Andrea Alvarado<\/b> (viol\u00edn): Estudia Maestr\u00eda en m\u00fasica antigua, Esmuc Antiga, Madrid. Pertenece a Hesperid Ensemble, agrupaci\u00f3n de m\u00fasica antigua con presentaciones en diferentes lugares de Espa\u00f1a y otros pa\u00edses de europa.&nbsp;<\/li>\n<\/ul>\n<ul>\n<li><b>Daniel Gonz\u00e1lez Camhi<\/b> (cello) (solo bachillerato) Estudi\u00f3 Musicolog\u00eda en Escola Superior de M\u00fasica ESMUC de Catalunya. Es Secretario en JAM Jove Associaci\u00f3 de Musicologia<\/li>\n<\/ul>\n<ul>\n<li><b>Margarita Ram\u00edrez Talavera<\/b> (composici\u00f3n) Estudi\u00f3 Maestr\u00eda en M\u00fasica como un arte Intedisciplinario en la Universidad de Barcelona. Ana Rosa Morf\u00edn (canto) Estudia maestr\u00eda en HKU Utrechts Conservatorium, Pa\u00edses Bajos.<\/li>\n<\/ul>\n<ul>\n<li><b>Yahir Morales<\/b> (clarinete) Estudia maestr\u00eda en Conservatorio de Maastricht, Pa\u00edses Bajos. Premio al M\u00e9rito Juvenil (art\u00edstico cultural) 2019, Morelia.<\/li>\n<\/ul>\n<ul>\n<li><b>Diego Pineda<\/b> (cello) (solo bachillerato) Estudi\u00f3 Licenciatura en la Hochschule f\u00fcr K\u00fcnste de Bremen, Alemania.<\/li>\n<\/ul>\n<ul>\n<li>&nbsp;<b>Alejandra Vela<\/b> (canto) Estudi\u00f3 en ESMUC de Catalunya.<\/li>\n<\/ul>\n<ul>\n<li><b>Juan Carlos Guerrero<\/b> (clarinete) (solo bachillerato). Estudia licenciatura en Musikhochschule L\u00fcbeck, Alemania. Rodrigo S\u00e1mano (cello) (solo bachillerato) Estudi\u00f3 licenciatura en Musikene (Centro Superior de M\u00fasica del Pa\u00eds Vasco); estudia maestr\u00eda en Universit\u00e4t f\u00fcr Musik und darstellende Kunst Wien, Austria.<\/li>\n<\/ul><\/div>\n\t\t\t\t\t\t\t\t\t<div class=\"elementor-tab-title elementor-tab-mobile-title\" aria-selected=\"false\" data-tab=\"3\" role=\"tab\" tabindex=\"-1\" aria-controls=\"elementor-tab-content-8223\" aria-expanded=\"false\">ASIA, MEDIO ORIENTE<\/div>\n\t\t\t\t\t<div id=\"elementor-tab-content-8223\" class=\"elementor-tab-content elementor-clearfix\" data-tab=\"3\" role=\"tabpanel\" aria-labelledby=\"elementor-tab-title-8223\" tabindex=\"0\" hidden=\"hidden\"><ul>\n<li><b>Gerardo S\u00e1nchez Lara<\/b> (piano) Profesor en KM College of Music and Technology, India. Norma Ferreira (percusiones) Trabaj\u00f3 en Anim &#8211; Afghanistan National Institute of Music y en The Edward Said National Conservatory of Music, Jerusal\u00e9n. ACtualmente (creo) radica en Belgrado.<\/li>\n<\/ul>\n<ul>\n<li><b>Norma Ferreira<\/b> (percusiones) Trabaj\u00f3 en Anim &#8211; Afghanistan National Institute of Music y en The Edward Said National Conservatory of Music, Jerusal\u00e9n. ACtualmente (creo) radica en Belgrado.<\/li>\n<\/ul>\n<ul>\n<li><b>Ren\u00e9 Mayoral<\/b> (composici\u00f3n). Estudia maestr\u00eda en Jerusalem.<\/li>\n<\/ul>\n<ul>\n<li><b>Nohemi Jaime Delgado. <\/b>Egresado de la Lic. en Canto, actualmente radica en Qatar.<\/li>\n<\/ul><\/div>\n\t\t\t\t\t\t\t<\/div>\n\t\t<\/div>\n\t\t\t\t\t\t<\/div>\n\t\t\t\t<\/div>\n\t\t\t\t<div class=\"elementor-element elementor-element-3790534 elementor-widget-divider--view-line elementor-widget elementor-widget-divider\" data-id=\"3790534\" data-element_type=\"widget\" data-e-type=\"widget\" data-widget_type=\"divider.default\">\n\t\t\t\t<div class=\"elementor-widget-container\">\n\t\t\t\t\t\t\t<div class=\"elementor-divider\">\n\t\t\t<span class=\"elementor-divider-separator\">\n\t\t\t\t\t\t<\/span>\n\t\t<\/div>\n\t\t\t\t\t\t<\/div>\n\t\t\t\t<\/div>\n\t\t\t\t\t<\/div>\n\t\t<\/div>\n\t\t\t\t\t<\/div>\n\t\t<\/section>\n\t\t\t\t<section class=\"elementor-section elementor-top-section elementor-element elementor-element-26b3440 elementor-section-boxed elementor-section-height-default elementor-section-height-default\" data-id=\"26b3440\" data-element_type=\"section\" data-e-type=\"section\">\n\t\t\t\t\t\t<div class=\"elementor-container elementor-column-gap-default\">\n\t\t\t\t\t<div class=\"elementor-column elementor-col-100 elementor-top-column elementor-element elementor-element-860b021\" data-id=\"860b021\" data-element_type=\"column\" data-e-type=\"column\">\n\t\t\t<div class=\"elementor-widget-wrap elementor-element-populated\">\n\t\t\t\t\t\t<div class=\"elementor-element elementor-element-5a7ebfd elementor-widget elementor-widget-image\" data-id=\"5a7ebfd\" data-element_type=\"widget\" data-e-type=\"widget\" data-widget_type=\"image.default\">\n\t\t\t\t<div class=\"elementor-widget-container\">\n\t\t\t\t\t\t\t\t\t\t\t\t\t\t\t<img fetchpriority=\"high\" decoding=\"async\" width=\"777\" height=\"599\" src=\"https:\/\/www.conservatoriodelasrosas.edu.mx\/Web\/wp-content\/uploads\/2021\/05\/Mapa-Actual.png\" class=\"attachment-large size-large wp-image-4189\" alt=\"Mapa actual\" srcset=\"https:\/\/www.conservatoriodelasrosas.edu.mx\/Web\/wp-content\/uploads\/2021\/05\/Mapa-Actual.png 777w, https:\/\/www.conservatoriodelasrosas.edu.mx\/Web\/wp-content\/uploads\/2021\/05\/Mapa-Actual-300x231.png 300w, https:\/\/www.conservatoriodelasrosas.edu.mx\/Web\/wp-content\/uploads\/2021\/05\/Mapa-Actual-768x592.png 768w\" sizes=\"(max-width: 777px) 100vw, 777px\" \/>\t\t\t\t\t\t\t\t\t\t\t\t\t\t\t<\/div>\n\t\t\t\t<\/div>\n\t\t\t\t\t<\/div>\n\t\t<\/div>\n\t\t\t\t\t<\/div>\n\t\t<\/section>\n\t\t\t\t<\/div>\n\t\t","protected":false},"excerpt":{"rendered":"<p>Exalumnos Exalumnos del Conservatorio que se destacan en diferentes lugares de M\u00e9xico y el mundo AM\u00c9RICA EUROPA ASIA, MEDIO ORIENTE AM\u00c9RICA ESTADOS UNIDOS: Roberto Vizca\u00edno JR (percusi\u00f3n). V\u00edctor Hern\u00e1ndez (composici\u00f3n). Jos\u00e9 Luis Hurtado (piano, composici\u00f3n). Informaci\u00f3n en:http:\/\/www.denudatioperfecta.sandrapani.com\/denudatio\/denudatioperfecta\/denudatio-esp\/page\/cv7.html Ahmed Anzald\u00faa (piano). Informaci\u00f3n en:&nbsp;http:\/\/ahmedanzaldua.com\/https:\/\/bordercrossingmn.org\/ Jorge Mart\u00ednez R\u00edos, Maestr\u00eda en Kent State University School of Music. Es profesor en New Mexico State University. Miembro fundador de La Catrina&hellip; <\/p>\n","protected":false},"author":2,"featured_media":0,"parent":1795,"menu_order":0,"comment_status":"closed","ping_status":"closed","template":"","meta":{"footnotes":""},"class_list":["post-2729","page","type-page","status-publish","hentry","clearfix"],"_links":{"self":[{"href":"https:\/\/www.conservatoriodelasrosas.edu.mx\/Web\/wp-json\/wp\/v2\/pages\/2729","targetHints":{"allow":["GET"]}}],"collection":[{"href":"https:\/\/www.conservatoriodelasrosas.edu.mx\/Web\/wp-json\/wp\/v2\/pages"}],"about":[{"href":"https:\/\/www.conservatoriodelasrosas.edu.mx\/Web\/wp-json\/wp\/v2\/types\/page"}],"author":[{"embeddable":true,"href":"https:\/\/www.conservatoriodelasrosas.edu.mx\/Web\/wp-json\/wp\/v2\/users\/2"}],"replies":[{"embeddable":true,"href":"https:\/\/www.conservatoriodelasrosas.edu.mx\/Web\/wp-json\/wp\/v2\/comments?post=2729"}],"version-history":[{"count":35,"href":"https:\/\/www.conservatoriodelasrosas.edu.mx\/Web\/wp-json\/wp\/v2\/pages\/2729\/revisions"}],"predecessor-version":[{"id":4200,"href":"https:\/\/www.conservatoriodelasrosas.edu.mx\/Web\/wp-json\/wp\/v2\/pages\/2729\/revisions\/4200"}],"up":[{"embeddable":true,"href":"https:\/\/www.conservatoriodelasrosas.edu.mx\/Web\/wp-json\/wp\/v2\/pages\/1795"}],"wp:attachment":[{"href":"https:\/\/www.conservatoriodelasrosas.edu.mx\/Web\/wp-json\/wp\/v2\/media?parent=2729"}],"curies":[{"name":"wp","href":"https:\/\/api.w.org\/{rel}","templated":true}]}}